{"id":72,"date":"2025-08-21T06:00:50","date_gmt":"2025-08-21T06:00:50","guid":{"rendered":"https:\/\/villa-hugo.de\/?page_id=72"},"modified":"2025-09-05T10:12:17","modified_gmt":"2025-09-05T10:12:17","slug":"unser-ferienhaus","status":"publish","type":"page","link":"https:\/\/villa-hugo.de\/?page_id=72","title":{"rendered":"Unser Ferienhaus"},"content":{"rendered":"\t\t<div data-elementor-type=\"wp-page\" data-elementor-id=\"72\" class=\"elementor elementor-72\">\n\t\t\t\t<div class=\"elementor-element elementor-element-06595ec e-flex e-con-boxed e-con e-parent\" data-id=\"06595ec\" data-element_type=\"container\">\n\t\t\t\t\t<div class=\"e-con-inner\">\n\t\t\t\t<div class=\"elementor-element elementor-element-65f5dd9 elementor-widget elementor-widget-heading\" data-id=\"65f5dd9\" data-element_type=\"widget\" data-widget_type=\"heading.default\">\n\t\t\t\t\t<h1 class=\"elementor-heading-title elementor-size-default\">Alles f\u00fcr Ihren perfekten Spreewald-Urlaub<\/h1>\t\t\t\t<\/div>\n\t\t\t\t<div class=\"elementor-element elementor-element-e18e48f elementor-widget elementor-widget-heading\" data-id=\"e18e48f\" data-element_type=\"widget\" data-widget_type=\"heading.default\">\n\t\t\t\t\t<h2 class=\"elementor-heading-title elementor-size-default\">Komfortabel wohnen \u2013 stilvoll entspannen<\/h2>\t\t\t\t<\/div>\n\t\t\t\t\t<\/div>\n\t\t\t\t<\/div>\n\t\t<div class=\"elementor-element elementor-element-565bbf0 e-con-full e-flex e-con e-parent\" data-id=\"565bbf0\" data-element_type=\"container\">\n\t\t\t\t<div class=\"elementor-element elementor-element-177659d elementor-widget elementor-widget-text-editor\" data-id=\"177659d\" data-element_type=\"widget\" data-widget_type=\"text-editor.default\">\n\t\t\t\t\t\t\t\t\t<p>Hugos Villa verbindet gro\u00dfz\u00fcgigen Komfort mit liebevollen Details \u2013 perfekt, um gemeinsam zu entspannen und den Spreewald in all seinen Facetten zu genie\u00dfen.<\/p>\t\t\t\t\t\t\t\t<\/div>\n\t\t\t\t<\/div>\n\t\t<div class=\"elementor-element elementor-element-1d5308e e-con-full e-flex e-con e-parent\" data-id=\"1d5308e\" data-element_type=\"container\">\n\t\t<div class=\"elementor-element elementor-element-8e3b157 e-con-full e-flex e-con e-child\" data-id=\"8e3b157\" data-element_type=\"container\">\n\t\t\t\t<div class=\"elementor-element elementor-element-440bbf5 elementor-widget elementor-widget-image\" data-id=\"440bbf5\" data-element_type=\"widget\" data-widget_type=\"image.default\">\n\t\t\t\t\t\t\t\t\t\t\t\t\t\t\t<img decoding=\"async\" src=\"https:\/\/villa-hugo.de\/wp-content\/uploads\/2025\/08\/f0ed96c3-c8fd-4b36-8194-642c585b4af1.jpg.avif\" title=\"\" alt=\"Schlafzimmer\" class=\"elementor-animation-grow\" loading=\"lazy\" \/>\t\t\t\t\t\t\t\t\t\t\t\t\t\t\t<\/div>\n\t\t\t\t<\/div>\n\t\t<div class=\"elementor-element elementor-element-ff9516d e-con-full e-flex e-con e-child\" data-id=\"ff9516d\" data-element_type=\"container\">\n\t\t\t\t<div class=\"elementor-element elementor-element-1bc088e elementor-widget elementor-widget-text-editor\" data-id=\"1bc088e\" data-element_type=\"widget\" data-widget_type=\"text-editor.default\">\n\t\t\t\t\t\t\t\t\t<p>Das Ferienhaus bietet gro\u00dfz\u00fcgigen Raum f\u00fcr bis zu <strong data-start=\"299\" data-end=\"313\">6 Personen<\/strong>. Zwei helle Schlafzimmer mit Doppelbetten und ein Schlafsofa im Wohnzimmer sorgen f\u00fcr flexible Schlafm\u00f6glichkeiten.<\/p>\t\t\t\t\t\t\t\t<\/div>\n\t\t\t\t<\/div>\n\t\t\t\t<\/div>\n\t\t<div class=\"elementor-element elementor-element-a678eea e-con-full e-flex e-con e-parent\" data-id=\"a678eea\" data-element_type=\"container\">\n\t\t<div class=\"elementor-element elementor-element-12318d2 e-con-full e-flex e-con e-child\" data-id=\"12318d2\" data-element_type=\"container\">\n\t\t\t\t<div class=\"elementor-element elementor-element-c47a3bd elementor-widget elementor-widget-text-editor\" data-id=\"c47a3bd\" data-element_type=\"widget\" data-widget_type=\"text-editor.default\">\n\t\t\t\t\t\t\t\t\t<p>Im Mittelpunkt steht der <strong data-start=\"484\" data-end=\"500\">offene Kamin<\/strong>, der an kalten Tagen W\u00e4rme und Atmosph\u00e4re schafft. Dazu l\u00e4dt eine <strong data-start=\"567\" data-end=\"576\">Sauna<\/strong> zum Abschalten ein. Der gro\u00dfe <strong data-start=\"607\" data-end=\"629\">Flachbildfernseher<\/strong> und ein rustikaler <strong data-start=\"649\" data-end=\"661\">Esstisch<\/strong> runden den Wohnbereich ab.<\/p>\t\t\t\t\t\t\t\t<\/div>\n\t\t\t\t<\/div>\n\t\t<div class=\"elementor-element elementor-element-5cb6280 e-con-full e-flex e-con e-child\" data-id=\"5cb6280\" data-element_type=\"container\">\n\t\t\t\t<div class=\"elementor-element elementor-element-c958649 elementor-widget elementor-widget-image\" data-id=\"c958649\" data-element_type=\"widget\" data-widget_type=\"image.default\">\n\t\t\t\t\t\t\t\t\t\t\t\t\t\t\t<img fetchpriority=\"high\" decoding=\"async\" width=\"1024\" height=\"683\" src=\"https:\/\/villa-hugo.de\/wp-content\/uploads\/2025\/08\/DSC_0146-1-1024x683.webp\" class=\"elementor-animation-grow attachment-large size-large wp-image-34\" alt=\"Offener Kamin im Ferienhaus Spreewald\" srcset=\"https:\/\/villa-hugo.de\/wp-content\/uploads\/2025\/08\/DSC_0146-1-1024x683.webp 1024w, https:\/\/villa-hugo.de\/wp-content\/uploads\/2025\/08\/DSC_0146-1-300x200.webp 300w, https:\/\/villa-hugo.de\/wp-content\/uploads\/2025\/08\/DSC_0146-1-768x512.webp 768w, https:\/\/villa-hugo.de\/wp-content\/uploads\/2025\/08\/DSC_0146-1-1536x1024.webp 1536w, https:\/\/villa-hugo.de\/wp-content\/uploads\/2025\/08\/DSC_0146-1-scaled.webp 1920w\" sizes=\"(max-width: 1024px) 100vw, 1024px\" \/>\t\t\t\t\t\t\t\t\t\t\t\t\t\t\t<\/div>\n\t\t\t\t<\/div>\n\t\t\t\t<\/div>\n\t\t<div class=\"elementor-element elementor-element-201cfdc e-con-full e-flex e-con e-parent\" data-id=\"201cfdc\" data-element_type=\"container\">\n\t\t<div class=\"elementor-element elementor-element-f81b502 e-con-full e-flex e-con e-child\" data-id=\"f81b502\" data-element_type=\"container\">\n\t\t\t\t<div class=\"elementor-element elementor-element-0998423 elementor-widget elementor-widget-image\" data-id=\"0998423\" data-element_type=\"widget\" data-widget_type=\"image.default\">\n\t\t\t\t\t\t\t\t\t\t\t\t\t\t\t<img decoding=\"async\" width=\"1024\" height=\"683\" src=\"https:\/\/villa-hugo.de\/wp-content\/uploads\/2025\/08\/DSC_0150-1-1024x683.webp\" class=\"elementor-animation-grow attachment-large size-large wp-image-35\" alt=\"Spreewald Ferienhaus mit moderner Landhausk\u00fcche\" srcset=\"https:\/\/villa-hugo.de\/wp-content\/uploads\/2025\/08\/DSC_0150-1-1024x683.webp 1024w, https:\/\/villa-hugo.de\/wp-content\/uploads\/2025\/08\/DSC_0150-1-300x200.webp 300w, https:\/\/villa-hugo.de\/wp-content\/uploads\/2025\/08\/DSC_0150-1-768x512.webp 768w, https:\/\/villa-hugo.de\/wp-content\/uploads\/2025\/08\/DSC_0150-1-1536x1024.webp 1536w, https:\/\/villa-hugo.de\/wp-content\/uploads\/2025\/08\/DSC_0150-1-scaled.webp 1920w\" sizes=\"(max-width: 1024px) 100vw, 1024px\" \/>\t\t\t\t\t\t\t\t\t\t\t\t\t\t\t<\/div>\n\t\t\t\t<\/div>\n\t\t<div class=\"elementor-element elementor-element-4963c9e e-con-full e-flex e-con e-child\" data-id=\"4963c9e\" data-element_type=\"container\">\n\t\t\t\t<div class=\"elementor-element elementor-element-a0520b3 elementor-widget elementor-widget-text-editor\" data-id=\"a0520b3\" data-element_type=\"widget\" data-widget_type=\"text-editor.default\">\n\t\t\t\t\t\t\t\t\t<p>Die <strong data-start=\"722\" data-end=\"750\">voll ausgestattete K\u00fcche<\/strong> macht gemeinsames Kochen unkompliziert \u2013 vom Fr\u00fchst\u00fcck bis zum Abendessen.<\/p>\t\t\t\t\t\t\t\t<\/div>\n\t\t\t\t<\/div>\n\t\t\t\t<\/div>\n\t\t<div class=\"elementor-element elementor-element-64dd4f0 e-con-full e-flex e-con e-parent\" data-id=\"64dd4f0\" data-element_type=\"container\">\n\t\t<div class=\"elementor-element elementor-element-b302c56 e-con-full e-flex e-con e-child\" data-id=\"b302c56\" data-element_type=\"container\">\n\t\t\t\t<div class=\"elementor-element elementor-element-a423197 elementor-widget elementor-widget-text-editor\" data-id=\"a423197\" data-element_type=\"widget\" data-widget_type=\"text-editor.default\">\n\t\t\t\t\t\t\t\t\t<p>Zwei moderne Badezimmer stehen zur Verf\u00fcgung: eines mit <strong data-start=\"902\" data-end=\"924\">ebenerdiger Dusche<\/strong> und einer <strong data-start=\"950\" data-end=\"977\">gro\u00dfen runden Badewanne<\/strong> sowie direktem Zugang nach drau\u00dfen in den Garten.<\/p>\t\t\t\t\t\t\t\t<\/div>\n\t\t\t\t<\/div>\n\t\t<div class=\"elementor-element elementor-element-e0bbaea e-con-full e-flex e-con e-child\" data-id=\"e0bbaea\" data-element_type=\"container\">\n\t\t\t\t<div class=\"elementor-element elementor-element-c3bb4f9 elementor-widget elementor-widget-image\" data-id=\"c3bb4f9\" data-element_type=\"widget\" data-widget_type=\"image.default\">\n\t\t\t\t\t\t\t\t\t\t\t\t\t\t\t<img decoding=\"async\" width=\"480\" height=\"640\" src=\"https:\/\/villa-hugo.de\/wp-content\/uploads\/2025\/08\/13931c8a-2fb9-457e-be9c-e12b2a31322b.webp\" class=\"elementor-animation-grow attachment-large size-large wp-image-79\" alt=\"Sauna im Ferienhaus Spreewald Hugos Villa\" srcset=\"https:\/\/villa-hugo.de\/wp-content\/uploads\/2025\/08\/13931c8a-2fb9-457e-be9c-e12b2a31322b.webp 480w, https:\/\/villa-hugo.de\/wp-content\/uploads\/2025\/08\/13931c8a-2fb9-457e-be9c-e12b2a31322b-225x300.webp 225w\" sizes=\"(max-width: 480px) 100vw, 480px\" \/>\t\t\t\t\t\t\t\t\t\t\t\t\t\t\t<\/div>\n\t\t\t\t<\/div>\n\t\t\t\t<\/div>\n\t\t<div class=\"elementor-element elementor-element-e4550b5 e-con-full e-flex e-con e-parent\" data-id=\"e4550b5\" data-element_type=\"container\">\n\t\t<div class=\"elementor-element elementor-element-74e0e6a e-con-full e-flex e-con e-child\" data-id=\"74e0e6a\" data-element_type=\"container\">\n\t\t\t\t<div class=\"elementor-element elementor-element-be1980e elementor-widget elementor-widget-image\" data-id=\"be1980e\" data-element_type=\"widget\" data-widget_type=\"image.default\">\n\t\t\t\t\t\t\t\t\t\t\t\t\t\t\t<img loading=\"lazy\" decoding=\"async\" width=\"1024\" height=\"744\" src=\"https:\/\/villa-hugo.de\/wp-content\/uploads\/2025\/08\/DSC_0142-1-1024x744.webp\" class=\"elementor-animation-grow attachment-large size-large wp-image-32\" alt=\"Terrasse Urlaub im Spreewald am Wasser Hugos Villa\" srcset=\"https:\/\/villa-hugo.de\/wp-content\/uploads\/2025\/08\/DSC_0142-1-1024x744.webp 1024w, https:\/\/villa-hugo.de\/wp-content\/uploads\/2025\/08\/DSC_0142-1-300x218.webp 300w, https:\/\/villa-hugo.de\/wp-content\/uploads\/2025\/08\/DSC_0142-1-768x558.webp 768w, https:\/\/villa-hugo.de\/wp-content\/uploads\/2025\/08\/DSC_0142-1-1536x1117.webp 1536w, https:\/\/villa-hugo.de\/wp-content\/uploads\/2025\/08\/DSC_0142-1-scaled.webp 1920w\" sizes=\"(max-width: 1024px) 100vw, 1024px\" \/>\t\t\t\t\t\t\t\t\t\t\t\t\t\t\t<\/div>\n\t\t\t\t<\/div>\n\t\t<div class=\"elementor-element elementor-element-62f4376 e-con-full e-flex e-con e-child\" data-id=\"62f4376\" data-element_type=\"container\">\n\t\t\t\t<div class=\"elementor-element elementor-element-0cafd77 elementor-widget elementor-widget-text-editor\" data-id=\"0cafd77\" data-element_type=\"widget\" data-widget_type=\"text-editor.default\">\n\t\t\t\t\t\t\t\t\t<p>Die <strong data-start=\"1035\" data-end=\"1060\">Terrasse mit Gasgrill<\/strong> und der <strong data-start=\"1069\" data-end=\"1091\">weitl\u00e4ufige Garten<\/strong> laden zum Verweilen ein. Dank des <strong data-start=\"1126\" data-end=\"1155\">direkten Flie\u00dfanschlusses <\/strong>erleben Sie die besondere Wasserlandschaft des Spreewalds unmittelbar. <strong data-start=\"1227\" data-end=\"1248\">Parkm\u00f6glichkeiten<\/strong> befinden sich direkt am Haus.<\/p>\t\t\t\t\t\t\t\t<\/div>\n\t\t\t\t<\/div>\n\t\t\t\t<\/div>\n\t\t<div class=\"elementor-element elementor-element-b4e3a13 e-con-full e-flex e-con e-parent\" data-id=\"b4e3a13\" data-element_type=\"container\">\n\t\t\t\t<div class=\"elementor-element elementor-element-db7c95b elementor-widget elementor-widget-image\" data-id=\"db7c95b\" data-element_type=\"widget\" data-widget_type=\"image.default\">\n\t\t\t\t\t\t\t\t\t\t\t\t\t\t\t<img loading=\"lazy\" decoding=\"async\" width=\"500\" height=\"500\" src=\"https:\/\/villa-hugo.de\/wp-content\/uploads\/2025\/08\/Anreise.webp\" class=\"attachment-large size-large wp-image-96\" alt=\"Anreise Ferienhaus im Spreewald\" srcset=\"https:\/\/villa-hugo.de\/wp-content\/uploads\/2025\/08\/Anreise.webp 500w, https:\/\/villa-hugo.de\/wp-content\/uploads\/2025\/08\/Anreise-300x300.webp 300w, https:\/\/villa-hugo.de\/wp-content\/uploads\/2025\/08\/Anreise-150x150.webp 150w\" sizes=\"(max-width: 500px) 100vw, 500px\" \/>\t\t\t\t\t\t\t\t\t\t\t\t\t\t\t<\/div>\n\t\t\t\t<div class=\"elementor-element elementor-element-17f1d32 elementor-widget elementor-widget-text-editor\" data-id=\"17f1d32\" data-element_type=\"widget\" data-widget_type=\"text-editor.default\">\n\t\t\t\t\t\t\t\t\t<p>Das Haus ist <strong>ab 16 Uhr<\/strong> bezugsfertig. Einzelheiten zur Schl\u00fcssel\u00fcbergabe erhalten Sie unmittelbar vor Ihrer Anreise. Im Haus befindet sich ein <strong>Hausbuch<\/strong> mit allen Einzelheiten f\u00fcr Ihren Aufenthalt.<\/p><p>Die Abreise ist <strong>bis 10 Uhr<\/strong> zu erfolgen. Im ganzen Haus ist das <strong>Rauchen nicht gestattet<\/strong>. <strong>Haustiere sind nicht erlaubt.<\/strong><\/p>\t\t\t\t\t\t\t\t<\/div>\n\t\t\t\t<\/div>\n\t\t<div class=\"elementor-element elementor-element-1c4d204 e-con-full e-flex e-con e-parent\" data-id=\"1c4d204\" data-element_type=\"container\">\n\t\t\t\t<div class=\"elementor-element elementor-element-a9e6c66 elementor-widget__width-initial elementor-widget-mobile__width-initial elementor-widget elementor-widget-image\" data-id=\"a9e6c66\" data-element_type=\"widget\" data-widget_type=\"image.default\">\n\t\t\t\t\t\t\t\t\t\t\t\t\t\t\t<img loading=\"lazy\" decoding=\"async\" width=\"500\" height=\"500\" src=\"https:\/\/villa-hugo.de\/wp-content\/uploads\/2025\/08\/Anreise-2.webp\" class=\"attachment-full size-full wp-image-98\" alt=\"Ausstattung Ferienhaus im Spreewald\" srcset=\"https:\/\/villa-hugo.de\/wp-content\/uploads\/2025\/08\/Anreise-2.webp 500w, https:\/\/villa-hugo.de\/wp-content\/uploads\/2025\/08\/Anreise-2-300x300.webp 300w, https:\/\/villa-hugo.de\/wp-content\/uploads\/2025\/08\/Anreise-2-150x150.webp 150w\" sizes=\"(max-width: 500px) 100vw, 500px\" \/>\t\t\t\t\t\t\t\t\t\t\t\t\t\t\t<\/div>\n\t\t\t\t<div class=\"elementor-element elementor-element-8468aac elementor-widget elementor-widget-text-editor\" data-id=\"8468aac\" data-element_type=\"widget\" data-widget_type=\"text-editor.default\">\n\t\t\t\t\t\t\t\t\t<p>Bei Ihrer Anreise ist das Haus mit einer <strong>Erstausstattung<\/strong> an Toilettenpapier, Handseife, Geschirrsp\u00fclmittel, Geschirrhandt\u00fccher, Tabs, Gew\u00fcrzen ausgestattet.\u00a0<\/p><p>Bettw\u00e4sche und Handt\u00fccher k\u00f6nnen Sie separat dazu buchen. Siehe n\u00e4chster Punkt <strong>W\u00e4schepaket<\/strong>.<\/p>\t\t\t\t\t\t\t\t<\/div>\n\t\t\t\t<\/div>\n\t\t<div class=\"elementor-element elementor-element-fedd5d9 e-con-full e-flex e-con e-parent\" data-id=\"fedd5d9\" data-element_type=\"container\">\n\t\t\t\t<div class=\"elementor-element elementor-element-169dc72 elementor-widget__width-initial elementor-widget-mobile__width-initial elementor-widget elementor-widget-image\" data-id=\"169dc72\" data-element_type=\"widget\" data-widget_type=\"image.default\">\n\t\t\t\t\t\t\t\t\t\t\t\t\t\t\t<img loading=\"lazy\" decoding=\"async\" width=\"500\" height=\"500\" src=\"https:\/\/villa-hugo.de\/wp-content\/uploads\/2025\/08\/Anreise-3.webp\" class=\"attachment-full size-full wp-image-103\" alt=\"W\u00e4schepaket Ferienhaus im Spreewald\" srcset=\"https:\/\/villa-hugo.de\/wp-content\/uploads\/2025\/08\/Anreise-3.webp 500w, https:\/\/villa-hugo.de\/wp-content\/uploads\/2025\/08\/Anreise-3-300x300.webp 300w, https:\/\/villa-hugo.de\/wp-content\/uploads\/2025\/08\/Anreise-3-150x150.webp 150w\" sizes=\"(max-width: 500px) 100vw, 500px\" \/>\t\t\t\t\t\t\t\t\t\t\t\t\t\t\t<\/div>\n\t\t\t\t<div class=\"elementor-element elementor-element-e4b2e2c elementor-widget elementor-widget-text-editor\" data-id=\"e4b2e2c\" data-element_type=\"widget\" data-widget_type=\"text-editor.default\">\n\t\t\t\t\t\t\t\t\t<p>Damit Sie im Koffer mehr Platz f\u00fcr die sch\u00f6nen Dinge haben, stellen wir Ihnen gern ein <strong>W\u00e4schepaket<\/strong> zur Verf\u00fcgung. F\u00fcr einmalig <strong>10,00 \u20ac pro Person<\/strong> erhalten Sie frische <strong>Bettw\u00e4sche<\/strong>, ein <strong>Handtuch<\/strong> und ein <strong>Duschtuch<\/strong>. Eine Duschmatte liegt f\u00fcr den gesamten Aufenthalt bereit. Bei Abreise bitten wir Sie, die Betten abzuziehen und die benutzte W\u00e4sche im Bad bereitzulegen.<\/p>\t\t\t\t\t\t\t\t<\/div>\n\t\t\t\t<\/div>\n\t\t<div class=\"elementor-element elementor-element-d00383a e-con-full e-flex e-con e-parent\" data-id=\"d00383a\" data-element_type=\"container\">\n\t\t\t\t<div class=\"elementor-element elementor-element-6cda0ff elementor-widget__width-initial elementor-widget-mobile__width-initial elementor-widget elementor-widget-image\" data-id=\"6cda0ff\" data-element_type=\"widget\" data-widget_type=\"image.default\">\n\t\t\t\t\t\t\t\t\t\t\t\t\t\t\t<img loading=\"lazy\" decoding=\"async\" width=\"500\" height=\"500\" src=\"https:\/\/villa-hugo.de\/wp-content\/uploads\/2025\/08\/Anreise-4.webp\" class=\"attachment-full size-full wp-image-108\" alt=\"Unterkunft Ferienhaus im Spreewald\" srcset=\"https:\/\/villa-hugo.de\/wp-content\/uploads\/2025\/08\/Anreise-4.webp 500w, https:\/\/villa-hugo.de\/wp-content\/uploads\/2025\/08\/Anreise-4-300x300.webp 300w, https:\/\/villa-hugo.de\/wp-content\/uploads\/2025\/08\/Anreise-4-150x150.webp 150w\" sizes=\"(max-width: 500px) 100vw, 500px\" \/>\t\t\t\t\t\t\t\t\t\t\t\t\t\t\t<\/div>\n\t\t\t\t<div class=\"elementor-element elementor-element-d038324 elementor-widget elementor-widget-text-editor\" data-id=\"d038324\" data-element_type=\"widget\" data-widget_type=\"text-editor.default\">\n\t\t\t\t\t\t\t\t\t<p>Hugos Villa bietet gro\u00dfz\u00fcgigen Platz f\u00fcr <strong>bis zu sechs Personen<\/strong> \u2013 mit zwei komfortablen Schlafzimmern, einem Schlafsofa im Wohnzimmer und viel Raum zum Wohlf\u00fchlen.<\/p>\t\t\t\t\t\t\t\t<\/div>\n\t\t\t\t<\/div>\n\t\t<div class=\"elementor-element elementor-element-b33f589 e-con-full e-flex e-con e-parent\" data-id=\"b33f589\" data-element_type=\"container\">\n\t\t<div class=\"elementor-element elementor-element-9130ee7 e-con-full e-flex e-con e-child\" data-id=\"9130ee7\" data-element_type=\"container\">\n\t\t\t\t<div class=\"elementor-element elementor-element-65cf548 elementor-widget elementor-widget-image\" data-id=\"65cf548\" data-element_type=\"widget\" data-widget_type=\"image.default\">\n\t\t\t\t\t\t\t\t\t\t\t\t\t\t\t<img loading=\"lazy\" decoding=\"async\" width=\"1024\" height=\"683\" src=\"https:\/\/villa-hugo.de\/wp-content\/uploads\/2025\/08\/DSC_0145-1-1024x683.webp\" class=\"elementor-animation-grow attachment-large size-large wp-image-33\" alt=\"Ferienhaus Spreewald Wohnzimmer mit Kamin\" srcset=\"https:\/\/villa-hugo.de\/wp-content\/uploads\/2025\/08\/DSC_0145-1-1024x683.webp 1024w, https:\/\/villa-hugo.de\/wp-content\/uploads\/2025\/08\/DSC_0145-1-300x200.webp 300w, https:\/\/villa-hugo.de\/wp-content\/uploads\/2025\/08\/DSC_0145-1-768x512.webp 768w, https:\/\/villa-hugo.de\/wp-content\/uploads\/2025\/08\/DSC_0145-1-1536x1024.webp 1536w, https:\/\/villa-hugo.de\/wp-content\/uploads\/2025\/08\/DSC_0145-1-scaled.webp 1920w\" sizes=\"(max-width: 1024px) 100vw, 1024px\" \/>\t\t\t\t\t\t\t\t\t\t\t\t\t\t\t<\/div>\n\t\t\t\t<\/div>\n\t\t<div class=\"elementor-element elementor-element-3eafb79 e-con-full e-flex e-con e-child\" data-id=\"3eafb79\" data-element_type=\"container\">\n\t\t\t\t<div class=\"elementor-element elementor-element-ceff552 elementor-widget elementor-widget-text-editor\" data-id=\"ceff552\" data-element_type=\"widget\" data-widget_type=\"text-editor.default\">\n\t\t\t\t\t\t\t\t\t<p>Das Wohnzimmer ist ausgestattet mit einer <strong>Schlafcouch<\/strong> (1.60 x 2.00 m), einem offenen <strong>Kamin<\/strong> mit ausreichend Kaminholz, einem <strong>Flachbildfernseher<\/strong>, ebenerdigem Ausgang auf die Terrasse, offenem Ess- und K\u00fcchenbereich.<\/p>\t\t\t\t\t\t\t\t<\/div>\n\t\t\t\t<\/div>\n\t\t\t\t<\/div>\n\t\t<div class=\"elementor-element elementor-element-4668e7a e-con-full e-flex e-con e-parent\" data-id=\"4668e7a\" data-element_type=\"container\">\n\t\t<div class=\"elementor-element elementor-element-c046a86 e-con-full e-flex e-con e-child\" data-id=\"c046a86\" data-element_type=\"container\">\n\t\t\t\t<div class=\"elementor-element elementor-element-0e886b1 elementor-widget elementor-widget-text-editor\" data-id=\"0e886b1\" data-element_type=\"widget\" data-widget_type=\"text-editor.default\">\n\t\t\t\t\t\t\t\t\t<p>Der rustikale <strong>Esstisch<\/strong> bietet Platz f\u00fcr bis zu sechs Personen. Die K\u00fcche ist ausgestattet mit einer <strong>Kaffeemaschine<\/strong>, <strong>Dampfgarer<\/strong>, <strong>Induktionsherd<\/strong>, <strong>Backofen<\/strong>, <strong>K\u00fchlschrank<\/strong> mit <strong>Gefrierfach<\/strong>, <strong>Sp\u00fcle<\/strong>, <strong>M\u00fclleimer<\/strong>, <strong>Wasserkocher, Toaster, <\/strong><strong>Besteck,<\/strong>\u00a0<strong>Geschirr <\/strong>und\u00a0<strong>Gew\u00fcrzen<\/strong>.\u00a0<\/p>\t\t\t\t\t\t\t\t<\/div>\n\t\t\t\t<\/div>\n\t\t<div class=\"elementor-element elementor-element-83e12e9 e-con-full e-flex e-con e-child\" data-id=\"83e12e9\" data-element_type=\"container\">\n\t\t\t\t<div class=\"elementor-element elementor-element-bfcb4c6 elementor-widget elementor-widget-image\" data-id=\"bfcb4c6\" data-element_type=\"widget\" data-widget_type=\"image.default\">\n\t\t\t\t\t\t\t\t\t\t\t\t\t\t\t<img loading=\"lazy\" decoding=\"async\" width=\"480\" height=\"320\" src=\"https:\/\/villa-hugo.de\/wp-content\/uploads\/2025\/08\/7ec37b52-6fce-4a55-9620-1999be0ece8b.webp\" class=\"elementor-animation-grow attachment-large size-large wp-image-92\" alt=\"Hugos Villa Spreewald Wohnzimmer mit rustikalem Esstisch\" srcset=\"https:\/\/villa-hugo.de\/wp-content\/uploads\/2025\/08\/7ec37b52-6fce-4a55-9620-1999be0ece8b.webp 480w, https:\/\/villa-hugo.de\/wp-content\/uploads\/2025\/08\/7ec37b52-6fce-4a55-9620-1999be0ece8b-300x200.webp 300w\" sizes=\"(max-width: 480px) 100vw, 480px\" \/>\t\t\t\t\t\t\t\t\t\t\t\t\t\t\t<\/div>\n\t\t\t\t<\/div>\n\t\t\t\t<\/div>\n\t\t<div class=\"elementor-element elementor-element-aa25af5 e-con-full e-flex e-con e-parent\" data-id=\"aa25af5\" data-element_type=\"container\">\n\t\t<div class=\"elementor-element elementor-element-2908217 e-con-full e-flex e-con e-child\" data-id=\"2908217\" data-element_type=\"container\">\n\t\t\t\t<div class=\"elementor-element elementor-element-b1bd266 elementor-widget elementor-widget-image\" data-id=\"b1bd266\" data-element_type=\"widget\" data-widget_type=\"image.default\">\n\t\t\t\t\t\t\t\t\t\t\t\t\t\t\t<img loading=\"lazy\" decoding=\"async\" width=\"480\" height=\"320\" src=\"https:\/\/villa-hugo.de\/wp-content\/uploads\/2025\/08\/9be61f8d-6c5a-4959-9e44-80b8c1f18acb.webp\" class=\"elementor-animation-grow attachment-large size-large wp-image-74\" alt=\"Unterkunft Spreewald Familienurlaub Schlafzimmer\" srcset=\"https:\/\/villa-hugo.de\/wp-content\/uploads\/2025\/08\/9be61f8d-6c5a-4959-9e44-80b8c1f18acb.webp 480w, https:\/\/villa-hugo.de\/wp-content\/uploads\/2025\/08\/9be61f8d-6c5a-4959-9e44-80b8c1f18acb-300x200.webp 300w\" sizes=\"(max-width: 480px) 100vw, 480px\" \/>\t\t\t\t\t\t\t\t\t\t\t\t\t\t\t<\/div>\n\t\t\t\t<\/div>\n\t\t<div class=\"elementor-element elementor-element-da1d7c8 e-con-full e-flex e-con e-child\" data-id=\"da1d7c8\" data-element_type=\"container\">\n\t\t\t\t<div class=\"elementor-element elementor-element-e0c4df1 elementor-widget elementor-widget-text-editor\" data-id=\"e0c4df1\" data-element_type=\"widget\" data-widget_type=\"text-editor.default\">\n\t\t\t\t\t\t\t\t\t<p>Im oberen Geschoss befinden sich zwei Schlafzimmer und ein Badezimmer mit einer Badewanne.<br \/>Die Schlafzimmer verf\u00fcgen \u00fcber jeweils ein <strong>Doppelbett<\/strong> (2.20 x 2.00 m und 1.60 x 2.00 m).<\/p>\t\t\t\t\t\t\t\t<\/div>\n\t\t\t\t<\/div>\n\t\t\t\t<\/div>\n\t\t<div class=\"elementor-element elementor-element-f3081ba e-flex e-con-boxed e-con e-parent\" data-id=\"f3081ba\" data-element_type=\"container\">\n\t\t\t\t\t<div class=\"e-con-inner\">\n\t\t\t\t<div class=\"elementor-element elementor-element-88d7fbc elementor-widget__width-initial elementor-widget-mobile__width-initial elementor-widget elementor-widget-image\" data-id=\"88d7fbc\" data-element_type=\"widget\" data-widget_type=\"image.default\">\n\t\t\t\t\t\t\t\t\t\t\t\t\t\t\t<img loading=\"lazy\" decoding=\"async\" width=\"500\" height=\"500\" src=\"https:\/\/villa-hugo.de\/wp-content\/uploads\/2025\/08\/Anreise-5.webp\" class=\"attachment-full size-full wp-image-116\" alt=\"Wifi Ferienhaus im Spreewald\" srcset=\"https:\/\/villa-hugo.de\/wp-content\/uploads\/2025\/08\/Anreise-5.webp 500w, https:\/\/villa-hugo.de\/wp-content\/uploads\/2025\/08\/Anreise-5-300x300.webp 300w, https:\/\/villa-hugo.de\/wp-content\/uploads\/2025\/08\/Anreise-5-150x150.webp 150w\" sizes=\"(max-width: 500px) 100vw, 500px\" \/>\t\t\t\t\t\t\t\t\t\t\t\t\t\t\t<\/div>\n\t\t\t\t<div class=\"elementor-element elementor-element-8d978e1 elementor-widget elementor-widget-text-editor\" data-id=\"8d978e1\" data-element_type=\"widget\" data-widget_type=\"text-editor.default\">\n\t\t\t\t\t\t\t\t\t<p>Damit Sie auch im Urlaub gut verbunden bleiben, gibt es im gesamten Haus kostenloses <strong>WLAN<\/strong>. Das Passwort ist im Hausbuch hinterlegt.<\/p>\t\t\t\t\t\t\t\t<\/div>\n\t\t\t\t\t<\/div>\n\t\t\t\t<\/div>\n\t\t<div class=\"elementor-element elementor-element-62a3737 e-flex e-con-boxed e-con e-parent\" data-id=\"62a3737\" data-element_type=\"container\">\n\t\t\t\t\t<div class=\"e-con-inner\">\n\t\t\t\t<div class=\"elementor-element elementor-element-1c668c4 elementor-widget__width-initial elementor-widget-mobile__width-initial elementor-widget elementor-widget-image\" data-id=\"1c668c4\" data-element_type=\"widget\" data-widget_type=\"image.default\">\n\t\t\t\t\t\t\t\t\t\t\t\t\t\t\t<img loading=\"lazy\" decoding=\"async\" width=\"500\" height=\"500\" src=\"https:\/\/villa-hugo.de\/wp-content\/uploads\/2025\/08\/Anreise-6.webp\" class=\"attachment-full size-full wp-image-118\" alt=\"Aufenthalt Ferienhaus im Spreewald\" srcset=\"https:\/\/villa-hugo.de\/wp-content\/uploads\/2025\/08\/Anreise-6.webp 500w, https:\/\/villa-hugo.de\/wp-content\/uploads\/2025\/08\/Anreise-6-300x300.webp 300w, https:\/\/villa-hugo.de\/wp-content\/uploads\/2025\/08\/Anreise-6-150x150.webp 150w\" sizes=\"(max-width: 500px) 100vw, 500px\" \/>\t\t\t\t\t\t\t\t\t\t\t\t\t\t\t<\/div>\n\t\t\t\t<div class=\"elementor-element elementor-element-f842e4f elementor-widget elementor-widget-text-editor\" data-id=\"f842e4f\" data-element_type=\"widget\" data-widget_type=\"text-editor.default\">\n\t\t\t\t\t\t\t\t\t<p>Damit Sie Ihren Aufenthalt in Ruhe genie\u00dfen k\u00f6nnen, ist unser Ferienhaus ab <strong>vier \u00dcbernachtungen<\/strong> buchbar.<\/p>\t\t\t\t\t\t\t\t<\/div>\n\t\t\t\t\t<\/div>\n\t\t\t\t<\/div>\n\t\t<div class=\"elementor-element elementor-element-561e5e7 e-flex e-con-boxed e-con e-parent\" data-id=\"561e5e7\" data-element_type=\"container\">\n\t\t\t\t\t<div class=\"e-con-inner\">\n\t\t\t\t<div class=\"elementor-element elementor-element-d342de2 elementor-widget__width-initial elementor-widget-mobile__width-initial elementor-widget elementor-widget-image\" data-id=\"d342de2\" data-element_type=\"widget\" data-widget_type=\"image.default\">\n\t\t\t\t\t\t\t\t\t\t\t\t\t\t\t<img loading=\"lazy\" decoding=\"async\" width=\"500\" height=\"500\" src=\"https:\/\/villa-hugo.de\/wp-content\/uploads\/2025\/08\/Anreise-7.webp\" class=\"attachment-full size-full wp-image-119\" alt=\"Boote Ferienhaus im Spreewald\" srcset=\"https:\/\/villa-hugo.de\/wp-content\/uploads\/2025\/08\/Anreise-7.webp 500w, https:\/\/villa-hugo.de\/wp-content\/uploads\/2025\/08\/Anreise-7-300x300.webp 300w, https:\/\/villa-hugo.de\/wp-content\/uploads\/2025\/08\/Anreise-7-150x150.webp 150w\" sizes=\"(max-width: 500px) 100vw, 500px\" \/>\t\t\t\t\t\t\t\t\t\t\t\t\t\t\t<\/div>\n\t\t\t\t<div class=\"elementor-element elementor-element-8183672 elementor-widget elementor-widget-text-editor\" data-id=\"8183672\" data-element_type=\"widget\" data-widget_type=\"text-editor.default\">\n\t\t\t\t\t\t\t\t\t<p>Auf Wunsch k\u00f6nnen Sie bei uns <strong>Paddelboote<\/strong> buchen und direkt vom Grundst\u00fcck aus zu einer Tour durch die Flie\u00dfe des Spreewalds starten.<\/p>\t\t\t\t\t\t\t\t<\/div>\n\t\t\t\t\t<\/div>\n\t\t\t\t<\/div>\n\t\t<div class=\"elementor-element elementor-element-5daa428 e-flex e-con-boxed e-con e-parent\" data-id=\"5daa428\" data-element_type=\"container\">\n\t\t\t\t\t<div class=\"e-con-inner\">\n\t\t<div class=\"elementor-element elementor-element-5fdc8da e-con-full e-flex e-con e-child\" data-id=\"5fdc8da\" data-element_type=\"container\">\n\t\t\t\t<div class=\"elementor-element elementor-element-43defb3 elementor-widget__width-initial elementor-widget-mobile__width-initial elementor-widget elementor-widget-image\" data-id=\"43defb3\" data-element_type=\"widget\" data-widget_type=\"image.default\">\n\t\t\t\t\t\t\t\t\t\t\t\t\t\t\t<img loading=\"lazy\" decoding=\"async\" width=\"500\" height=\"500\" src=\"https:\/\/villa-hugo.de\/wp-content\/uploads\/2025\/08\/Anreise-8.webp\" class=\"attachment-full size-full wp-image-123\" alt=\"Buchung Ferienhaus im Spreewald\" srcset=\"https:\/\/villa-hugo.de\/wp-content\/uploads\/2025\/08\/Anreise-8.webp 500w, https:\/\/villa-hugo.de\/wp-content\/uploads\/2025\/08\/Anreise-8-300x300.webp 300w, https:\/\/villa-hugo.de\/wp-content\/uploads\/2025\/08\/Anreise-8-150x150.webp 150w\" sizes=\"(max-width: 500px) 100vw, 500px\" \/>\t\t\t\t\t\t\t\t\t\t\t\t\t\t\t<\/div>\n\t\t\t\t<div class=\"elementor-element elementor-element-ed8f5b8 elementor-widget elementor-widget-text-editor\" data-id=\"ed8f5b8\" data-element_type=\"widget\" data-widget_type=\"text-editor.default\">\n\t\t\t\t\t\t\t\t\t<p>\u00a0<\/p><p>Stellen Sie Ihre Buchungsanfrage: Einfach <a href=\"https:\/\/villa-hugo.de\/?page_id=57\"><strong>HIER<\/strong><\/a> Klicken. So gelangen Sie direkt zum Formular, mit dem Sie eine unverbindliche Buchungsanfrage stellen k\u00f6nnen.\u00a0<\/p>\t\t\t\t\t\t\t\t<\/div>\n\t\t\t\t<\/div>\n\t\t\t\t\t<\/div>\n\t\t\t\t<\/div>\n\t\t<div class=\"elementor-element elementor-element-cf1481a e-flex e-con-boxed e-con e-parent\" data-id=\"cf1481a\" data-element_type=\"container\">\n\t\t\t\t\t<div class=\"e-con-inner\">\n\t\t\t\t<div class=\"elementor-element elementor-element-7df50a0 elementor-widget__width-inherit elementor-arrows-position-inside elementor-widget elementor-widget-image-carousel\" data-id=\"7df50a0\" data-element_type=\"widget\" data-settings=\"{&quot;slides_to_show&quot;:&quot;3&quot;,&quot;slides_to_show_mobile&quot;:&quot;1&quot;,&quot;navigation&quot;:&quot;arrows&quot;,&quot;autoplay_speed&quot;:2500,&quot;speed&quot;:250,&quot;slides_to_scroll&quot;:&quot;3&quot;,&quot;autoplay&quot;:&quot;yes&quot;,&quot;pause_on_hover&quot;:&quot;yes&quot;,&quot;pause_on_interaction&quot;:&quot;yes&quot;,&quot;infinite&quot;:&quot;yes&quot;}\" data-widget_type=\"image-carousel.default\">\n\t\t\t\t\t\t\t<div class=\"elementor-image-carousel-wrapper swiper\" role=\"region\" aria-roledescription=\"carousel\" aria-label=\"Image Carousel\" dir=\"ltr\">\n\t\t\t<div class=\"elementor-image-carousel swiper-wrapper\" aria-live=\"off\">\n\t\t\t\t\t\t\t\t<div class=\"swiper-slide\" role=\"group\" aria-roledescription=\"slide\" aria-label=\"1 of 29\"><a data-elementor-open-lightbox=\"yes\" data-elementor-lightbox-slideshow=\"7df50a0\" data-elementor-lightbox-title=\"DSC_0123\" data-e-action-hash=\"#elementor-action%3Aaction%3Dlightbox%26settings%3DeyJpZCI6MTUxLCJ1cmwiOiJodHRwczpcL1wvdmlsbGEtaHVnby5kZVwvd3AtY29udGVudFwvdXBsb2Fkc1wvMjAyNVwvMDhcL0RTQ18wMTIzLXNjYWxlZC53ZWJwIiwic2xpZGVzaG93IjoiN2RmNTBhMCJ9\" href=\"https:\/\/villa-hugo.de\/wp-content\/uploads\/2025\/08\/DSC_0123-scaled.webp\"><figure class=\"swiper-slide-inner\"><img decoding=\"async\" class=\"swiper-slide-image\" src=\"https:\/\/villa-hugo.de\/wp-content\/uploads\/2025\/08\/DSC_0123-150x150.webp\" alt=\"Familienfreundliches Ferienhaus im Spreewald\" \/><\/figure><\/a><\/div><div class=\"swiper-slide\" role=\"group\" aria-roledescription=\"slide\" aria-label=\"2 of 29\"><a data-elementor-open-lightbox=\"yes\" data-elementor-lightbox-slideshow=\"7df50a0\" data-elementor-lightbox-title=\"DSC_0121 (1)\" data-e-action-hash=\"#elementor-action%3Aaction%3Dlightbox%26settings%3DeyJpZCI6MTUwLCJ1cmwiOiJodHRwczpcL1wvdmlsbGEtaHVnby5kZVwvd3AtY29udGVudFwvdXBsb2Fkc1wvMjAyNVwvMDhcL0RTQ18wMTIxLTEtc2NhbGVkLndlYnAiLCJzbGlkZXNob3ciOiI3ZGY1MGEwIn0%3D\" href=\"https:\/\/villa-hugo.de\/wp-content\/uploads\/2025\/08\/DSC_0121-1-scaled.webp\"><figure class=\"swiper-slide-inner\"><img decoding=\"async\" class=\"swiper-slide-image\" src=\"https:\/\/villa-hugo.de\/wp-content\/uploads\/2025\/08\/DSC_0121-1-150x150.webp\" alt=\"Ferienhaus Spreewald mit Terrasse und Garten\" \/><\/figure><\/a><\/div><div class=\"swiper-slide\" role=\"group\" aria-roledescription=\"slide\" aria-label=\"3 of 29\"><a data-elementor-open-lightbox=\"yes\" data-elementor-lightbox-slideshow=\"7df50a0\" data-elementor-lightbox-title=\"DSC_0120 (1)\" data-e-action-hash=\"#elementor-action%3Aaction%3Dlightbox%26settings%3DeyJpZCI6MTQ5LCJ1cmwiOiJodHRwczpcL1wvdmlsbGEtaHVnby5kZVwvd3AtY29udGVudFwvdXBsb2Fkc1wvMjAyNVwvMDhcL0RTQ18wMTIwLTEtc2NhbGVkLndlYnAiLCJzbGlkZXNob3ciOiI3ZGY1MGEwIn0%3D\" href=\"https:\/\/villa-hugo.de\/wp-content\/uploads\/2025\/08\/DSC_0120-1-scaled.webp\"><figure class=\"swiper-slide-inner\"><img decoding=\"async\" class=\"swiper-slide-image\" src=\"https:\/\/villa-hugo.de\/wp-content\/uploads\/2025\/08\/DSC_0120-1-150x150.webp\" alt=\"Ferienhaus Spreewald mit direktem Flie\u00dfzugang\" \/><\/figure><\/a><\/div><div class=\"swiper-slide\" role=\"group\" aria-roledescription=\"slide\" aria-label=\"4 of 29\"><a data-elementor-open-lightbox=\"yes\" data-elementor-lightbox-slideshow=\"7df50a0\" data-elementor-lightbox-title=\"DSC_0079\" data-e-action-hash=\"#elementor-action%3Aaction%3Dlightbox%26settings%3DeyJpZCI6MTQ4LCJ1cmwiOiJodHRwczpcL1wvdmlsbGEtaHVnby5kZVwvd3AtY29udGVudFwvdXBsb2Fkc1wvMjAyNVwvMDhcL0RTQ18wMDc5LXNjYWxlZC53ZWJwIiwic2xpZGVzaG93IjoiN2RmNTBhMCJ9\" href=\"https:\/\/villa-hugo.de\/wp-content\/uploads\/2025\/08\/DSC_0079-scaled.webp\"><figure class=\"swiper-slide-inner\"><img decoding=\"async\" class=\"swiper-slide-image\" src=\"https:\/\/villa-hugo.de\/wp-content\/uploads\/2025\/08\/DSC_0079-150x150.webp\" alt=\"Ferienhaus Spreewald mit Parkplatz am Haus, Eingang\" \/><\/figure><\/a><\/div><div class=\"swiper-slide\" role=\"group\" aria-roledescription=\"slide\" aria-label=\"5 of 29\"><a data-elementor-open-lightbox=\"yes\" data-elementor-lightbox-slideshow=\"7df50a0\" data-elementor-lightbox-title=\"DSC_0053 (1)\" data-e-action-hash=\"#elementor-action%3Aaction%3Dlightbox%26settings%3DeyJpZCI6MTQ3LCJ1cmwiOiJodHRwczpcL1wvdmlsbGEtaHVnby5kZVwvd3AtY29udGVudFwvdXBsb2Fkc1wvMjAyNVwvMDhcL0RTQ18wMDUzLTEtc2NhbGVkLndlYnAiLCJzbGlkZXNob3ciOiI3ZGY1MGEwIn0%3D\" href=\"https:\/\/villa-hugo.de\/wp-content\/uploads\/2025\/08\/DSC_0053-1-scaled.webp\"><figure class=\"swiper-slide-inner\"><img decoding=\"async\" class=\"swiper-slide-image\" src=\"https:\/\/villa-hugo.de\/wp-content\/uploads\/2025\/08\/DSC_0053-1-150x150.webp\" alt=\"Gem\u00fctlicher Kaminurlaub im Spreewald\" \/><\/figure><\/a><\/div><div class=\"swiper-slide\" role=\"group\" aria-roledescription=\"slide\" aria-label=\"6 of 29\"><a data-elementor-open-lightbox=\"yes\" data-elementor-lightbox-slideshow=\"7df50a0\" data-elementor-lightbox-title=\"DSC_0046\" data-e-action-hash=\"#elementor-action%3Aaction%3Dlightbox%26settings%3DeyJpZCI6MTQ2LCJ1cmwiOiJodHRwczpcL1wvdmlsbGEtaHVnby5kZVwvd3AtY29udGVudFwvdXBsb2Fkc1wvMjAyNVwvMDhcL0RTQ18wMDQ2LXNjYWxlZC53ZWJwIiwic2xpZGVzaG93IjoiN2RmNTBhMCJ9\" href=\"https:\/\/villa-hugo.de\/wp-content\/uploads\/2025\/08\/DSC_0046-scaled.webp\"><figure class=\"swiper-slide-inner\"><img decoding=\"async\" class=\"swiper-slide-image\" src=\"https:\/\/villa-hugo.de\/wp-content\/uploads\/2025\/08\/DSC_0046-150x150.webp\" alt=\"Ferienhaus Spreewald mit direktem Flie\u00dfzugang und eigenem Steg\" \/><\/figure><\/a><\/div><div class=\"swiper-slide\" role=\"group\" aria-roledescription=\"slide\" aria-label=\"7 of 29\"><a data-elementor-open-lightbox=\"yes\" data-elementor-lightbox-slideshow=\"7df50a0\" data-elementor-lightbox-title=\"DSC_0048 (1)\" data-e-action-hash=\"#elementor-action%3Aaction%3Dlightbox%26settings%3DeyJpZCI6MTQ1LCJ1cmwiOiJodHRwczpcL1wvdmlsbGEtaHVnby5kZVwvd3AtY29udGVudFwvdXBsb2Fkc1wvMjAyNVwvMDhcL0RTQ18wMDQ4LTEtc2NhbGVkLndlYnAiLCJzbGlkZXNob3ciOiI3ZGY1MGEwIn0%3D\" href=\"https:\/\/villa-hugo.de\/wp-content\/uploads\/2025\/08\/DSC_0048-1-scaled.webp\"><figure class=\"swiper-slide-inner\"><img decoding=\"async\" class=\"swiper-slide-image\" src=\"https:\/\/villa-hugo.de\/wp-content\/uploads\/2025\/08\/DSC_0048-1-150x150.webp\" alt=\"Hugos Villa Spreewald gem\u00fctliches Schlafzimmer\" \/><\/figure><\/a><\/div><div class=\"swiper-slide\" role=\"group\" aria-roledescription=\"slide\" aria-label=\"8 of 29\"><a data-elementor-open-lightbox=\"yes\" data-elementor-lightbox-slideshow=\"7df50a0\" data-elementor-lightbox-title=\"7ec37b52-6fce-4a55-9620-1999be0ece8b\" data-e-action-hash=\"#elementor-action%3Aaction%3Dlightbox%26settings%3DeyJpZCI6OTIsInVybCI6Imh0dHBzOlwvXC92aWxsYS1odWdvLmRlXC93cC1jb250ZW50XC91cGxvYWRzXC8yMDI1XC8wOFwvN2VjMzdiNTItNmZjZS00YTU1LTk2MjAtMTk5OWJlMGVjZThiLndlYnAiLCJzbGlkZXNob3ciOiI3ZGY1MGEwIn0%3D\" href=\"https:\/\/villa-hugo.de\/wp-content\/uploads\/2025\/08\/7ec37b52-6fce-4a55-9620-1999be0ece8b.webp\"><figure class=\"swiper-slide-inner\"><img decoding=\"async\" class=\"swiper-slide-image\" src=\"https:\/\/villa-hugo.de\/wp-content\/uploads\/2025\/08\/7ec37b52-6fce-4a55-9620-1999be0ece8b-150x150.webp\" alt=\"Hugos Villa Spreewald Wohnzimmer mit rustikalem Esstisch\" \/><\/figure><\/a><\/div><div class=\"swiper-slide\" role=\"group\" aria-roledescription=\"slide\" aria-label=\"9 of 29\"><a data-elementor-open-lightbox=\"yes\" data-elementor-lightbox-slideshow=\"7df50a0\" data-elementor-lightbox-title=\"8a57ae5d-615b-49ef-90f3-82c5d9f602f5\" data-e-action-hash=\"#elementor-action%3Aaction%3Dlightbox%26settings%3DeyJpZCI6OTEsInVybCI6Imh0dHBzOlwvXC92aWxsYS1odWdvLmRlXC93cC1jb250ZW50XC91cGxvYWRzXC8yMDI1XC8wOFwvOGE1N2FlNWQtNjE1Yi00OWVmLTkwZjMtODJjNWQ5ZjYwMmY1LndlYnAiLCJzbGlkZXNob3ciOiI3ZGY1MGEwIn0%3D\" href=\"https:\/\/villa-hugo.de\/wp-content\/uploads\/2025\/08\/8a57ae5d-615b-49ef-90f3-82c5d9f602f5.webp\"><figure class=\"swiper-slide-inner\"><img decoding=\"async\" class=\"swiper-slide-image\" src=\"https:\/\/villa-hugo.de\/wp-content\/uploads\/2025\/08\/8a57ae5d-615b-49ef-90f3-82c5d9f602f5-150x150.webp\" alt=\"Ferienhaus Spreewald modernes Bad mit Dusche und Wanne\" \/><\/figure><\/a><\/div><div class=\"swiper-slide\" role=\"group\" aria-roledescription=\"slide\" aria-label=\"10 of 29\"><a data-elementor-open-lightbox=\"yes\" data-elementor-lightbox-slideshow=\"7df50a0\" data-elementor-lightbox-title=\"e218a867-0282-4719-b80e-706375ce319a\" data-e-action-hash=\"#elementor-action%3Aaction%3Dlightbox%26settings%3DeyJpZCI6OTAsInVybCI6Imh0dHBzOlwvXC92aWxsYS1odWdvLmRlXC93cC1jb250ZW50XC91cGxvYWRzXC8yMDI1XC8wOFwvZTIxOGE4NjctMDI4Mi00NzE5LWI4MGUtNzA2Mzc1Y2UzMTlhLndlYnAiLCJzbGlkZXNob3ciOiI3ZGY1MGEwIn0%3D\" href=\"https:\/\/villa-hugo.de\/wp-content\/uploads\/2025\/08\/e218a867-0282-4719-b80e-706375ce319a.webp\"><figure class=\"swiper-slide-inner\"><img decoding=\"async\" class=\"swiper-slide-image\" src=\"https:\/\/villa-hugo.de\/wp-content\/uploads\/2025\/08\/e218a867-0282-4719-b80e-706375ce319a-150x150.webp\" alt=\"Familienfreundliches Ferienhaus im Spreewald\" \/><\/figure><\/a><\/div><div class=\"swiper-slide\" role=\"group\" aria-roledescription=\"slide\" aria-label=\"11 of 29\"><a data-elementor-open-lightbox=\"yes\" data-elementor-lightbox-slideshow=\"7df50a0\" data-elementor-lightbox-title=\"9be61f8d-6c5a-4959-9e44-80b8c1f18acb\" data-e-action-hash=\"#elementor-action%3Aaction%3Dlightbox%26settings%3DeyJpZCI6NzQsInVybCI6Imh0dHBzOlwvXC92aWxsYS1odWdvLmRlXC93cC1jb250ZW50XC91cGxvYWRzXC8yMDI1XC8wOFwvOWJlNjFmOGQtNmM1YS00OTU5LTllNDQtODBiOGMxZjE4YWNiLndlYnAiLCJzbGlkZXNob3ciOiI3ZGY1MGEwIn0%3D\" href=\"https:\/\/villa-hugo.de\/wp-content\/uploads\/2025\/08\/9be61f8d-6c5a-4959-9e44-80b8c1f18acb.webp\"><figure class=\"swiper-slide-inner\"><img decoding=\"async\" class=\"swiper-slide-image\" src=\"https:\/\/villa-hugo.de\/wp-content\/uploads\/2025\/08\/9be61f8d-6c5a-4959-9e44-80b8c1f18acb-150x150.webp\" alt=\"Unterkunft Spreewald Familienurlaub Schlafzimmer\" \/><\/figure><\/a><\/div><div class=\"swiper-slide\" role=\"group\" aria-roledescription=\"slide\" aria-label=\"12 of 29\"><a data-elementor-open-lightbox=\"yes\" data-elementor-lightbox-slideshow=\"7df50a0\" data-elementor-lightbox-title=\"DSC_0136\" data-e-action-hash=\"#elementor-action%3Aaction%3Dlightbox%26settings%3DeyJpZCI6MzAsInVybCI6Imh0dHBzOlwvXC92aWxsYS1odWdvLmRlXC93cC1jb250ZW50XC91cGxvYWRzXC8yMDI1XC8wOFwvRFNDXzAxMzYtc2NhbGVkLmpwZWciLCJzbGlkZXNob3ciOiI3ZGY1MGEwIn0%3D\" href=\"https:\/\/villa-hugo.de\/wp-content\/uploads\/2025\/08\/DSC_0136-scaled.jpeg\"><figure class=\"swiper-slide-inner\"><img decoding=\"async\" class=\"swiper-slide-image\" src=\"https:\/\/villa-hugo.de\/wp-content\/uploads\/2025\/08\/DSC_0136-150x150.jpeg\" alt=\"Ferienhaus Spreewald mit Terrasse und Garten\" \/><\/figure><\/a><\/div><div class=\"swiper-slide\" role=\"group\" aria-roledescription=\"slide\" aria-label=\"13 of 29\"><a data-elementor-open-lightbox=\"yes\" data-elementor-lightbox-slideshow=\"7df50a0\" data-elementor-lightbox-title=\"DSC_0126 (1)\" data-e-action-hash=\"#elementor-action%3Aaction%3Dlightbox%26settings%3DeyJpZCI6MjksInVybCI6Imh0dHBzOlwvXC92aWxsYS1odWdvLmRlXC93cC1jb250ZW50XC91cGxvYWRzXC8yMDI1XC8wOFwvRFNDXzAxMjYtMS1zY2FsZWQuanBlZyIsInNsaWRlc2hvdyI6IjdkZjUwYTAifQ%3D%3D\" href=\"https:\/\/villa-hugo.de\/wp-content\/uploads\/2025\/08\/DSC_0126-1-scaled.jpeg\"><figure class=\"swiper-slide-inner\"><img decoding=\"async\" class=\"swiper-slide-image\" src=\"https:\/\/villa-hugo.de\/wp-content\/uploads\/2025\/08\/DSC_0126-1-150x150.jpeg\" alt=\"Ferienhaus Spreewald mit Terrasse und Garten\" \/><\/figure><\/a><\/div><div class=\"swiper-slide\" role=\"group\" aria-roledescription=\"slide\" aria-label=\"14 of 29\"><a data-elementor-open-lightbox=\"yes\" data-elementor-lightbox-slideshow=\"7df50a0\" data-elementor-lightbox-title=\"DSC_0138 (1)\" data-e-action-hash=\"#elementor-action%3Aaction%3Dlightbox%26settings%3DeyJpZCI6MzEsInVybCI6Imh0dHBzOlwvXC92aWxsYS1odWdvLmRlXC93cC1jb250ZW50XC91cGxvYWRzXC8yMDI1XC8wOFwvRFNDXzAxMzgtMS1zY2FsZWQud2VicCIsInNsaWRlc2hvdyI6IjdkZjUwYTAifQ%3D%3D\" href=\"https:\/\/villa-hugo.de\/wp-content\/uploads\/2025\/08\/DSC_0138-1-scaled.webp\"><figure class=\"swiper-slide-inner\"><img decoding=\"async\" class=\"swiper-slide-image\" src=\"https:\/\/villa-hugo.de\/wp-content\/uploads\/2025\/08\/DSC_0138-1-150x150.webp\" alt=\"Terrasse mit modernen M\u00f6beln, Familienfreundliches Ferienhaus im Spreewald\" \/><\/figure><\/a><\/div><div class=\"swiper-slide\" role=\"group\" aria-roledescription=\"slide\" aria-label=\"15 of 29\"><a data-elementor-open-lightbox=\"yes\" data-elementor-lightbox-slideshow=\"7df50a0\" data-elementor-lightbox-title=\"13931c8a-2fb9-457e-be9c-e12b2a31322b\" data-elementor-lightbox-description=\"Sauna\" data-e-action-hash=\"#elementor-action%3Aaction%3Dlightbox%26settings%3DeyJpZCI6NzksInVybCI6Imh0dHBzOlwvXC92aWxsYS1odWdvLmRlXC93cC1jb250ZW50XC91cGxvYWRzXC8yMDI1XC8wOFwvMTM5MzFjOGEtMmZiOS00NTdlLWJlOWMtZTEyYjJhMzEzMjJiLndlYnAiLCJzbGlkZXNob3ciOiI3ZGY1MGEwIn0%3D\" href=\"https:\/\/villa-hugo.de\/wp-content\/uploads\/2025\/08\/13931c8a-2fb9-457e-be9c-e12b2a31322b.webp\"><figure class=\"swiper-slide-inner\"><img decoding=\"async\" class=\"swiper-slide-image\" src=\"https:\/\/villa-hugo.de\/wp-content\/uploads\/2025\/08\/13931c8a-2fb9-457e-be9c-e12b2a31322b-150x150.webp\" alt=\"Sauna im Ferienhaus Spreewald Hugos Villa\" \/><\/figure><\/a><\/div><div class=\"swiper-slide\" role=\"group\" aria-roledescription=\"slide\" aria-label=\"16 of 29\"><a data-elementor-open-lightbox=\"yes\" data-elementor-lightbox-slideshow=\"7df50a0\" data-elementor-lightbox-title=\"840144fb-48c6-44cc-926e-4465b61c033d\" data-e-action-hash=\"#elementor-action%3Aaction%3Dlightbox%26settings%3DeyJpZCI6ODQsInVybCI6Imh0dHBzOlwvXC92aWxsYS1odWdvLmRlXC93cC1jb250ZW50XC91cGxvYWRzXC8yMDI1XC8wOFwvODQwMTQ0ZmItNDhjNi00NGNjLTkyNmUtNDQ2NWI2MWMwMzNkLndlYnAiLCJzbGlkZXNob3ciOiI3ZGY1MGEwIn0%3D\" href=\"https:\/\/villa-hugo.de\/wp-content\/uploads\/2025\/08\/840144fb-48c6-44cc-926e-4465b61c033d.webp\"><figure class=\"swiper-slide-inner\"><img decoding=\"async\" class=\"swiper-slide-image\" src=\"https:\/\/villa-hugo.de\/wp-content\/uploads\/2025\/08\/840144fb-48c6-44cc-926e-4465b61c033d-150x150.webp\" alt=\"Gem\u00fctlicher Kaminurlaub im Spreewald\" \/><\/figure><\/a><\/div><div class=\"swiper-slide\" role=\"group\" aria-roledescription=\"slide\" aria-label=\"17 of 29\"><a data-elementor-open-lightbox=\"yes\" data-elementor-lightbox-slideshow=\"7df50a0\" data-elementor-lightbox-title=\"DSC_0142 (1)\" data-elementor-lightbox-description=\"Terrasse\" data-e-action-hash=\"#elementor-action%3Aaction%3Dlightbox%26settings%3DeyJpZCI6MzIsInVybCI6Imh0dHBzOlwvXC92aWxsYS1odWdvLmRlXC93cC1jb250ZW50XC91cGxvYWRzXC8yMDI1XC8wOFwvRFNDXzAxNDItMS1zY2FsZWQud2VicCIsInNsaWRlc2hvdyI6IjdkZjUwYTAifQ%3D%3D\" href=\"https:\/\/villa-hugo.de\/wp-content\/uploads\/2025\/08\/DSC_0142-1-scaled.webp\"><figure class=\"swiper-slide-inner\"><img decoding=\"async\" class=\"swiper-slide-image\" src=\"https:\/\/villa-hugo.de\/wp-content\/uploads\/2025\/08\/DSC_0142-1-150x150.webp\" alt=\"Terrasse Urlaub im Spreewald am Wasser Hugos Villa\" \/><\/figure><\/a><\/div><div class=\"swiper-slide\" role=\"group\" aria-roledescription=\"slide\" aria-label=\"18 of 29\"><a data-elementor-open-lightbox=\"yes\" data-elementor-lightbox-slideshow=\"7df50a0\" data-elementor-lightbox-title=\"DSC_0145 (1)\" data-e-action-hash=\"#elementor-action%3Aaction%3Dlightbox%26settings%3DeyJpZCI6MzMsInVybCI6Imh0dHBzOlwvXC92aWxsYS1odWdvLmRlXC93cC1jb250ZW50XC91cGxvYWRzXC8yMDI1XC8wOFwvRFNDXzAxNDUtMS1zY2FsZWQud2VicCIsInNsaWRlc2hvdyI6IjdkZjUwYTAifQ%3D%3D\" href=\"https:\/\/villa-hugo.de\/wp-content\/uploads\/2025\/08\/DSC_0145-1-scaled.webp\"><figure class=\"swiper-slide-inner\"><img decoding=\"async\" class=\"swiper-slide-image\" src=\"https:\/\/villa-hugo.de\/wp-content\/uploads\/2025\/08\/DSC_0145-1-150x150.webp\" alt=\"Ferienhaus Spreewald Wohnzimmer mit Kamin\" \/><\/figure><\/a><\/div><div class=\"swiper-slide\" role=\"group\" aria-roledescription=\"slide\" aria-label=\"19 of 29\"><a data-elementor-open-lightbox=\"yes\" data-elementor-lightbox-slideshow=\"7df50a0\" data-elementor-lightbox-title=\"700fc2b1-72ed-413b-9650-8c2b97cbb214\" data-e-action-hash=\"#elementor-action%3Aaction%3Dlightbox%26settings%3DeyJpZCI6ODUsInVybCI6Imh0dHBzOlwvXC92aWxsYS1odWdvLmRlXC93cC1jb250ZW50XC91cGxvYWRzXC8yMDI1XC8wOFwvNzAwZmMyYjEtNzJlZC00MTNiLTk2NTAtOGMyYjk3Y2JiMjE0LndlYnAiLCJzbGlkZXNob3ciOiI3ZGY1MGEwIn0%3D\" href=\"https:\/\/villa-hugo.de\/wp-content\/uploads\/2025\/08\/700fc2b1-72ed-413b-9650-8c2b97cbb214.webp\"><figure class=\"swiper-slide-inner\"><img decoding=\"async\" class=\"swiper-slide-image\" src=\"https:\/\/villa-hugo.de\/wp-content\/uploads\/2025\/08\/700fc2b1-72ed-413b-9650-8c2b97cbb214-150x150.webp\" alt=\"Offener Kamin im Ferienhaus Spreewald\" \/><\/figure><\/a><\/div><div class=\"swiper-slide\" role=\"group\" aria-roledescription=\"slide\" aria-label=\"20 of 29\"><a data-elementor-open-lightbox=\"yes\" data-elementor-lightbox-slideshow=\"7df50a0\" data-elementor-lightbox-title=\"8bb0347c-3a02-4722-be57-c9c013aa1734\" data-e-action-hash=\"#elementor-action%3Aaction%3Dlightbox%26settings%3DeyJpZCI6ODYsInVybCI6Imh0dHBzOlwvXC92aWxsYS1odWdvLmRlXC93cC1jb250ZW50XC91cGxvYWRzXC8yMDI1XC8wOFwvOGJiMDM0N2MtM2EwMi00NzIyLWJlNTctYzljMDEzYWExNzM0LndlYnAiLCJzbGlkZXNob3ciOiI3ZGY1MGEwIn0%3D\" href=\"https:\/\/villa-hugo.de\/wp-content\/uploads\/2025\/08\/8bb0347c-3a02-4722-be57-c9c013aa1734.webp\"><figure class=\"swiper-slide-inner\"><img decoding=\"async\" class=\"swiper-slide-image\" src=\"https:\/\/villa-hugo.de\/wp-content\/uploads\/2025\/08\/8bb0347c-3a02-4722-be57-c9c013aa1734-150x150.webp\" alt=\"Spreewald Ferienhaus f\u00fcr 6 Personen Wohnzimmer\" \/><\/figure><\/a><\/div><div class=\"swiper-slide\" role=\"group\" aria-roledescription=\"slide\" aria-label=\"21 of 29\"><a data-elementor-open-lightbox=\"yes\" data-elementor-lightbox-slideshow=\"7df50a0\" data-elementor-lightbox-title=\"DSC_0146 (1)\" data-elementor-lightbox-description=\"Fernseher und Kamin\" data-e-action-hash=\"#elementor-action%3Aaction%3Dlightbox%26settings%3DeyJpZCI6MzQsInVybCI6Imh0dHBzOlwvXC92aWxsYS1odWdvLmRlXC93cC1jb250ZW50XC91cGxvYWRzXC8yMDI1XC8wOFwvRFNDXzAxNDYtMS1zY2FsZWQud2VicCIsInNsaWRlc2hvdyI6IjdkZjUwYTAifQ%3D%3D\" href=\"https:\/\/villa-hugo.de\/wp-content\/uploads\/2025\/08\/DSC_0146-1-scaled.webp\"><figure class=\"swiper-slide-inner\"><img decoding=\"async\" class=\"swiper-slide-image\" src=\"https:\/\/villa-hugo.de\/wp-content\/uploads\/2025\/08\/DSC_0146-1-150x150.webp\" alt=\"Offener Kamin im Ferienhaus Spreewald\" \/><\/figure><\/a><\/div><div class=\"swiper-slide\" role=\"group\" aria-roledescription=\"slide\" aria-label=\"22 of 29\"><a data-elementor-open-lightbox=\"yes\" data-elementor-lightbox-slideshow=\"7df50a0\" data-elementor-lightbox-title=\"DSC_0150 (1)\" data-elementor-lightbox-description=\"K\u00fcche\" data-e-action-hash=\"#elementor-action%3Aaction%3Dlightbox%26settings%3DeyJpZCI6MzUsInVybCI6Imh0dHBzOlwvXC92aWxsYS1odWdvLmRlXC93cC1jb250ZW50XC91cGxvYWRzXC8yMDI1XC8wOFwvRFNDXzAxNTAtMS1zY2FsZWQud2VicCIsInNsaWRlc2hvdyI6IjdkZjUwYTAifQ%3D%3D\" href=\"https:\/\/villa-hugo.de\/wp-content\/uploads\/2025\/08\/DSC_0150-1-scaled.webp\"><figure class=\"swiper-slide-inner\"><img decoding=\"async\" class=\"swiper-slide-image\" src=\"https:\/\/villa-hugo.de\/wp-content\/uploads\/2025\/08\/DSC_0150-1-150x150.webp\" alt=\"Spreewald Ferienhaus mit moderner Landhausk\u00fcche\" \/><\/figure><\/a><\/div><div class=\"swiper-slide\" role=\"group\" aria-roledescription=\"slide\" aria-label=\"23 of 29\"><a data-elementor-open-lightbox=\"yes\" data-elementor-lightbox-slideshow=\"7df50a0\" data-elementor-lightbox-title=\"a88ca653-8d1f-4380-9547-dcea64968aa9\" data-e-action-hash=\"#elementor-action%3Aaction%3Dlightbox%26settings%3DeyJpZCI6ODcsInVybCI6Imh0dHBzOlwvXC92aWxsYS1odWdvLmRlXC93cC1jb250ZW50XC91cGxvYWRzXC8yMDI1XC8wOFwvYTg4Y2E2NTMtOGQxZi00MzgwLTk1NDctZGNlYTY0OTY4YWE5LndlYnAiLCJzbGlkZXNob3ciOiI3ZGY1MGEwIn0%3D\" href=\"https:\/\/villa-hugo.de\/wp-content\/uploads\/2025\/08\/a88ca653-8d1f-4380-9547-dcea64968aa9.webp\"><figure class=\"swiper-slide-inner\"><img decoding=\"async\" class=\"swiper-slide-image\" src=\"https:\/\/villa-hugo.de\/wp-content\/uploads\/2025\/08\/a88ca653-8d1f-4380-9547-dcea64968aa9-150x150.webp\" alt=\"Ferienhaus Spreewald mit direktem Flie\u00dfzugang\" \/><\/figure><\/a><\/div><div class=\"swiper-slide\" role=\"group\" aria-roledescription=\"slide\" aria-label=\"24 of 29\"><a data-elementor-open-lightbox=\"yes\" data-elementor-lightbox-slideshow=\"7df50a0\" data-elementor-lightbox-title=\"e361c607-db79-409e-bf88-31c77997014e\" data-e-action-hash=\"#elementor-action%3Aaction%3Dlightbox%26settings%3DeyJpZCI6ODgsInVybCI6Imh0dHBzOlwvXC92aWxsYS1odWdvLmRlXC93cC1jb250ZW50XC91cGxvYWRzXC8yMDI1XC8wOFwvZTM2MWM2MDctZGI3OS00MDllLWJmODgtMzFjNzc5OTcwMTRlLndlYnAiLCJzbGlkZXNob3ciOiI3ZGY1MGEwIn0%3D\" href=\"https:\/\/villa-hugo.de\/wp-content\/uploads\/2025\/08\/e361c607-db79-409e-bf88-31c77997014e.webp\"><figure class=\"swiper-slide-inner\"><img decoding=\"async\" class=\"swiper-slide-image\" src=\"https:\/\/villa-hugo.de\/wp-content\/uploads\/2025\/08\/e361c607-db79-409e-bf88-31c77997014e-150x150.webp\" alt=\"Wellnessurlaub Spreewald Ferienhaus Sauna\" \/><\/figure><\/a><\/div><div class=\"swiper-slide\" role=\"group\" aria-roledescription=\"slide\" aria-label=\"25 of 29\"><a data-elementor-open-lightbox=\"yes\" data-elementor-lightbox-slideshow=\"7df50a0\" data-elementor-lightbox-title=\"DSC_0149 (1)\" data-e-action-hash=\"#elementor-action%3Aaction%3Dlightbox%26settings%3DeyJpZCI6MzYsInVybCI6Imh0dHBzOlwvXC92aWxsYS1odWdvLmRlXC93cC1jb250ZW50XC91cGxvYWRzXC8yMDI1XC8wOFwvRFNDXzAxNDktMS1zY2FsZWQud2VicCIsInNsaWRlc2hvdyI6IjdkZjUwYTAifQ%3D%3D\" href=\"https:\/\/villa-hugo.de\/wp-content\/uploads\/2025\/08\/DSC_0149-1-scaled.webp\"><figure class=\"swiper-slide-inner\"><img decoding=\"async\" class=\"swiper-slide-image\" src=\"https:\/\/villa-hugo.de\/wp-content\/uploads\/2025\/08\/DSC_0149-1-150x150.webp\" alt=\"Ferienhaus Spreewald Schlafsofa im Wohnzimmer\" \/><\/figure><\/a><\/div><div class=\"swiper-slide\" role=\"group\" aria-roledescription=\"slide\" aria-label=\"26 of 29\"><a data-elementor-open-lightbox=\"yes\" data-elementor-lightbox-slideshow=\"7df50a0\" data-elementor-lightbox-title=\"IMG_5784\" data-elementor-lightbox-description=\"Haus\" data-e-action-hash=\"#elementor-action%3Aaction%3Dlightbox%26settings%3DeyJpZCI6NDEsInVybCI6Imh0dHBzOlwvXC92aWxsYS1odWdvLmRlXC93cC1jb250ZW50XC91cGxvYWRzXC8yMDI1XC8wOFwvSU1HXzU3ODQud2VicCIsInNsaWRlc2hvdyI6IjdkZjUwYTAifQ%3D%3D\" href=\"https:\/\/villa-hugo.de\/wp-content\/uploads\/2025\/08\/IMG_5784.webp\"><figure class=\"swiper-slide-inner\"><img decoding=\"async\" class=\"swiper-slide-image\" src=\"https:\/\/villa-hugo.de\/wp-content\/uploads\/2025\/08\/IMG_5784-150x150.webp\" alt=\"Ferienhaus Spreewald Badezimmer mit Gartenblick\" \/><\/figure><\/a><\/div><div class=\"swiper-slide\" role=\"group\" aria-roledescription=\"slide\" aria-label=\"27 of 29\"><a data-elementor-open-lightbox=\"yes\" data-elementor-lightbox-slideshow=\"7df50a0\" data-elementor-lightbox-title=\"bc3b2cc3-a20d-44b2-aef6-bc8e1ae919c6\" data-e-action-hash=\"#elementor-action%3Aaction%3Dlightbox%26settings%3DeyJpZCI6ODksInVybCI6Imh0dHBzOlwvXC92aWxsYS1odWdvLmRlXC93cC1jb250ZW50XC91cGxvYWRzXC8yMDI1XC8wOFwvYmMzYjJjYzMtYTIwZC00NGIyLWFlZjYtYmM4ZTFhZTkxOWM2LndlYnAiLCJzbGlkZXNob3ciOiI3ZGY1MGEwIn0%3D\" href=\"https:\/\/villa-hugo.de\/wp-content\/uploads\/2025\/08\/bc3b2cc3-a20d-44b2-aef6-bc8e1ae919c6.webp\"><figure class=\"swiper-slide-inner\"><img decoding=\"async\" class=\"swiper-slide-image\" src=\"https:\/\/villa-hugo.de\/wp-content\/uploads\/2025\/08\/bc3b2cc3-a20d-44b2-aef6-bc8e1ae919c6-150x150.webp\" alt=\"Ferienhaus Spreewald mit Parkplatz am Haus\" \/><\/figure><\/a><\/div><div class=\"swiper-slide\" role=\"group\" aria-roledescription=\"slide\" aria-label=\"28 of 29\"><a data-elementor-open-lightbox=\"yes\" data-elementor-lightbox-slideshow=\"7df50a0\" data-elementor-lightbox-title=\"DSC_0006\" data-elementor-lightbox-description=\"Haus im Schnee\" data-e-action-hash=\"#elementor-action%3Aaction%3Dlightbox%26settings%3DeyJpZCI6MjcsInVybCI6Imh0dHBzOlwvXC92aWxsYS1odWdvLmRlXC93cC1jb250ZW50XC91cGxvYWRzXC8yMDI1XC8wOFwvRFNDXzAwMDYtc2NhbGVkLndlYnAiLCJzbGlkZXNob3ciOiI3ZGY1MGEwIn0%3D\" href=\"https:\/\/villa-hugo.de\/wp-content\/uploads\/2025\/08\/DSC_0006-scaled.webp\"><figure class=\"swiper-slide-inner\"><img decoding=\"async\" class=\"swiper-slide-image\" src=\"https:\/\/villa-hugo.de\/wp-content\/uploads\/2025\/08\/DSC_0006-150x150.webp\" alt=\"Hugos Villa\" \/><\/figure><\/a><\/div><div class=\"swiper-slide\" role=\"group\" aria-roledescription=\"slide\" aria-label=\"29 of 29\"><a data-elementor-open-lightbox=\"yes\" data-elementor-lightbox-slideshow=\"7df50a0\" data-elementor-lightbox-title=\"DSC_0079\" data-elementor-lightbox-description=\"Haus\" data-e-action-hash=\"#elementor-action%3Aaction%3Dlightbox%26settings%3DeyJpZCI6MTIsInVybCI6Imh0dHBzOlwvXC92aWxsYS1odWdvLmRlXC93cC1jb250ZW50XC91cGxvYWRzXC8yMDI0XC8wNlwvRFNDXzAwNzktc2NhbGVkLndlYnAiLCJzbGlkZXNob3ciOiI3ZGY1MGEwIn0%3D\" href=\"https:\/\/villa-hugo.de\/wp-content\/uploads\/2024\/06\/DSC_0079-scaled.webp\"><figure class=\"swiper-slide-inner\"><img decoding=\"async\" class=\"swiper-slide-image\" src=\"https:\/\/villa-hugo.de\/wp-content\/uploads\/2024\/06\/DSC_0079-150x150.webp\" alt=\"Hugos Villa im Spreewald\" \/><\/figure><\/a><\/div>\t\t\t<\/div>\n\t\t\t\t\t\t\t\t\t\t\t\t<div class=\"elementor-swiper-button elementor-swiper-button-prev\" role=\"button\" tabindex=\"0\">\n\t\t\t\t\t\t<svg aria-hidden=\"true\" class=\"e-font-icon-svg e-eicon-chevron-left\" viewBox=\"0 0 1000 1000\" xmlns=\"http:\/\/www.w3.org\/2000\/svg\"><path d=\"M646 125C629 125 613 133 604 142L308 442C296 454 292 471 292 487 292 504 296 521 308 533L604 854C617 867 629 875 646 875 663 875 679 871 692 858 704 846 713 829 713 812 713 796 708 779 692 767L438 487 692 225C700 217 708 204 708 187 708 171 704 154 692 142 675 129 663 125 646 125Z\"><\/path><\/svg>\t\t\t\t\t<\/div>\n\t\t\t\t\t<div class=\"elementor-swiper-button elementor-swiper-button-next\" role=\"button\" tabindex=\"0\">\n\t\t\t\t\t\t<svg aria-hidden=\"true\" class=\"e-font-icon-svg e-eicon-chevron-right\" viewBox=\"0 0 1000 1000\" xmlns=\"http:\/\/www.w3.org\/2000\/svg\"><path d=\"M696 533C708 521 713 504 713 487 713 471 708 454 696 446L400 146C388 133 375 125 354 125 338 125 325 129 313 142 300 154 292 171 292 187 292 204 296 221 308 233L563 492 304 771C292 783 288 800 288 817 288 833 296 850 308 863 321 871 338 875 354 875 371 875 388 867 400 854L696 533Z\"><\/path><\/svg>\t\t\t\t\t<\/div>\n\t\t\t\t\n\t\t\t\t\t\t\t\t\t<\/div>\n\t\t\t\t\t\t<\/div>\n\t\t\t\t\t<\/div>\n\t\t\t\t<\/div>\n\t\t<div class=\"elementor-element elementor-element-b633a2c e-con-full e-flex e-con e-parent\" data-id=\"b633a2c\" data-element_type=\"container\">\n\t\t<div class=\"elementor-element elementor-element-4a8122d e-con-full e-flex e-con e-child\" data-id=\"4a8122d\" data-element_type=\"container\">\n\t\t\t\t<div class=\"elementor-element elementor-element-b91440c elementor-widget elementor-widget-text-editor\" data-id=\"b91440c\" data-element_type=\"widget\" data-widget_type=\"text-editor.default\">\n\t\t\t\t\t\t\t\t\t<p>Copyright \u00a9 Hugos Villa by Ariane Lambert 2025 | <a href=\"https:\/\/ariana-lambert.de\/wp-admin\/post.php?post=32&amp;action=elementor\">Impressum<\/a> | Datenschutzerkl\u00e4rung<\/p>\t\t\t\t\t\t\t\t<\/div>\n\t\t\t\t<\/div>\n\t\t\t\t<\/div>\n\t\t\t\t<\/div>\n\t\t","protected":false},"excerpt":{"rendered":"<p>Alles f\u00fcr Ihren perfekten Spreewald-Urlaub Komfortabel wohnen \u2013 stilvoll entspannen Hugos Villa verbindet gro\u00dfz\u00fcgigen Komfort mit liebevollen Details \u2013 perfekt, um gemeinsam zu entspannen und den Spreewald in all seinen Facetten zu genie\u00dfen. Das Ferienhaus bietet gro\u00dfz\u00fcgigen Raum f\u00fcr bis zu 6 Personen. Zwei helle Schlafzimmer mit Doppelbetten und ein Schlafsofa im Wohnzimmer sorgen f\u00fcr [&hellip;]<\/p>\n","protected":false},"author":1,"featured_media":0,"parent":0,"menu_order":0,"comment_status":"closed","ping_status":"closed","template":"","meta":{"footnotes":""},"class_list":["post-72","page","type-page","status-publish","hentry"],"jetpack_sharing_enabled":true,"_links":{"self":[{"href":"https:\/\/villa-hugo.de\/index.php?rest_route=\/wp\/v2\/pages\/72","targetHints":{"allow":["GET"]}}],"collection":[{"href":"https:\/\/villa-hugo.de\/index.php?rest_route=\/wp\/v2\/pages"}],"about":[{"href":"https:\/\/villa-hugo.de\/index.php?rest_route=\/wp\/v2\/types\/page"}],"author":[{"embeddable":true,"href":"https:\/\/villa-hugo.de\/index.php?rest_route=\/wp\/v2\/users\/1"}],"replies":[{"embeddable":true,"href":"https:\/\/villa-hugo.de\/index.php?rest_route=%2Fwp%2Fv2%2Fcomments&post=72"}],"version-history":[{"count":135,"href":"https:\/\/villa-hugo.de\/index.php?rest_route=\/wp\/v2\/pages\/72\/revisions"}],"predecessor-version":[{"id":414,"href":"https:\/\/villa-hugo.de\/index.php?rest_route=\/wp\/v2\/pages\/72\/revisions\/414"}],"wp:attachment":[{"href":"https:\/\/villa-hugo.de\/index.php?rest_route=%2Fwp%2Fv2%2Fmedia&parent=72"}],"curies":[{"name":"wp","href":"https:\/\/api.w.org\/{rel}","templated":true}]}}