{"id":9,"date":"2024-06-30T17:46:03","date_gmt":"2024-06-30T17:46:03","guid":{"rendered":"https:\/\/villa-hugo.de\/?page_id=9"},"modified":"2025-09-05T10:03:06","modified_gmt":"2025-09-05T10:03:06","slug":"hugos-villa","status":"publish","type":"page","link":"https:\/\/villa-hugo.de\/","title":{"rendered":"Hugos Villa"},"content":{"rendered":"\t\t<div data-elementor-type=\"wp-page\" data-elementor-id=\"9\" class=\"elementor elementor-9\">\n\t\t\t\t<div class=\"elementor-element elementor-element-f5a250d e-con-full e-flex e-con e-parent\" data-id=\"f5a250d\" data-element_type=\"container\">\n\t\t\t\t<div class=\"elementor-element elementor-element-8ef900a elementor-widget elementor-widget-heading\" data-id=\"8ef900a\" data-element_type=\"widget\" data-widget_type=\"heading.default\">\n\t\t\t\t\t<h1 class=\"elementor-heading-title elementor-size-default\">Ihr Ferienhaus im Spreewald mit<br> Sauna &amp; Kamin<\/h1>\t\t\t\t<\/div>\n\t\t\t\t<\/div>\n\t\t<div class=\"elementor-element elementor-element-77bc66a e-flex e-con-boxed e-con e-parent\" data-id=\"77bc66a\" data-element_type=\"container\">\n\t\t\t\t\t<div class=\"e-con-inner\">\n\t\t\t\t<div class=\"elementor-element elementor-element-a45586a elementor-widget elementor-widget-image\" data-id=\"a45586a\" data-element_type=\"widget\" data-widget_type=\"image.default\">\n\t\t\t\t\t\t\t\t\t\t\t\t\t\t\t<img fetchpriority=\"high\" decoding=\"async\" width=\"480\" height=\"360\" src=\"https:\/\/villa-hugo.de\/wp-content\/uploads\/2025\/08\/bc3b2cc3-a20d-44b2-aef6-bc8e1ae919c6.webp\" class=\"elementor-animation-grow attachment-full size-full wp-image-89\" alt=\"Ferienhaus Spreewald mit Parkplatz am Haus\" srcset=\"https:\/\/villa-hugo.de\/wp-content\/uploads\/2025\/08\/bc3b2cc3-a20d-44b2-aef6-bc8e1ae919c6.webp 480w, https:\/\/villa-hugo.de\/wp-content\/uploads\/2025\/08\/bc3b2cc3-a20d-44b2-aef6-bc8e1ae919c6-300x225.webp 300w\" sizes=\"(max-width: 480px) 100vw, 480px\" \/>\t\t\t\t\t\t\t\t\t\t\t\t\t\t\t<\/div>\n\t\t\t\t\t<\/div>\n\t\t\t\t<\/div>\n\t\t<div class=\"elementor-element elementor-element-dfa7eae e-con-full animated-fast e-flex e-con e-parent\" data-id=\"dfa7eae\" data-element_type=\"container\" data-settings=\"{&quot;animation&quot;:&quot;none&quot;}\">\n\t\t\t\t<div class=\"elementor-element elementor-element-8cb7dcb elementor-widget__width-initial elementor-widget elementor-widget-text-editor\" data-id=\"8cb7dcb\" data-element_type=\"widget\" data-settings=\"{&quot;_animation&quot;:&quot;none&quot;}\" data-widget_type=\"text-editor.default\">\n\t\t\t\t\t\t\t\t\t<p><strong>Komfort trifft Natur &#8211; Ihre Ausstattung im \u00dcberblick<\/strong><\/p><p data-start=\"780\" data-end=\"801\">\u25b8 2 Schlafzimmer mit Doppelbetten<br data-start=\"112\" data-end=\"115\" \/>\u25b8 Platz f\u00fcr bis zu 6 Personen<br data-start=\"144\" data-end=\"147\" \/>\u25b8 1 Schlafsofa im Wohnzimmer<br data-start=\"175\" data-end=\"178\" \/>\u25b8 Offener Kamin f\u00fcr gem\u00fctliche Abende<br data-start=\"215\" data-end=\"218\" \/>\u25b8 Sauna zum Abschalten<br data-start=\"240\" data-end=\"243\" \/>\u25b8 2 moderne B\u00e4der<br data-start=\"260\" data-end=\"263\" \/>\u25b8 K\u00fcche voll ausgestattet<br data-start=\"288\" data-end=\"291\" \/>\u25b8 Terrasse mit Gasgrill<br data-start=\"314\" data-end=\"317\" \/>\u25b8 Weitl\u00e4ufiger Garten<br data-start=\"338\" data-end=\"341\" \/>\u25b8 Direkt am Wasser (Flie\u00dfanschluss)<br data-start=\"376\" data-end=\"379\" \/>\u25b8 Parkm\u00f6glichkeiten am Haus<\/p>\t\t\t\t\t\t\t\t<\/div>\n\t\t\t\t<\/div>\n\t\t<div class=\"elementor-element elementor-element-6eaff5b e-flex e-con-boxed e-con e-parent\" data-id=\"6eaff5b\" data-element_type=\"container\">\n\t\t\t\t\t<div class=\"e-con-inner\">\n\t\t\t\t<div class=\"elementor-element elementor-element-08a3ce2 elementor-align-center elementor-widget elementor-widget-button\" data-id=\"08a3ce2\" data-element_type=\"widget\" data-widget_type=\"button.default\">\n\t\t\t\t\t\t\t\t\t\t<a class=\"elementor-button elementor-button-link elementor-size-sm\" href=\"https:\/\/villa-hugo.de\/?page_id=57\">\n\t\t\t\t\t\t<span class=\"elementor-button-content-wrapper\">\n\t\t\t\t\t\t\t\t\t<span class=\"elementor-button-text\">Buchung<\/span>\n\t\t\t\t\t<\/span>\n\t\t\t\t\t<\/a>\n\t\t\t\t\t\t\t\t<\/div>\n\t\t\t\t\t<\/div>\n\t\t\t\t<\/div>\n\t\t<div class=\"elementor-element elementor-element-e5709c2 e-con-full e-flex e-con e-parent\" data-id=\"e5709c2\" data-element_type=\"container\" data-settings=\"{&quot;animation&quot;:&quot;none&quot;}\">\n\t\t\t\t<div class=\"elementor-element elementor-element-7e9244c elementor-widget__width-initial elementor-widget-mobile__width-initial elementor-widget elementor-widget-image\" data-id=\"7e9244c\" data-element_type=\"widget\" data-widget_type=\"image.default\">\n\t\t\t\t\t\t\t\t\t\t\t\t\t\t\t<img decoding=\"async\" width=\"1748\" height=\"1920\" src=\"https:\/\/villa-hugo.de\/wp-content\/uploads\/2024\/06\/DSC_0079-scaled.webp\" class=\"elementor-animation-grow attachment-full size-full wp-image-12\" alt=\"Hugos Villa im Spreewald\" srcset=\"https:\/\/villa-hugo.de\/wp-content\/uploads\/2024\/06\/DSC_0079-scaled.webp 1748w, https:\/\/villa-hugo.de\/wp-content\/uploads\/2024\/06\/DSC_0079-273x300.webp 273w, https:\/\/villa-hugo.de\/wp-content\/uploads\/2024\/06\/DSC_0079-932x1024.webp 932w, https:\/\/villa-hugo.de\/wp-content\/uploads\/2024\/06\/DSC_0079-768x844.webp 768w, https:\/\/villa-hugo.de\/wp-content\/uploads\/2024\/06\/DSC_0079-1398x1536.webp 1398w\" sizes=\"(max-width: 1748px) 100vw, 1748px\" \/>\t\t\t\t\t\t\t\t\t\t\t\t\t\t\t<\/div>\n\t\t<div class=\"elementor-element elementor-element-b6ace0e e-con-full e-flex e-con e-child\" data-id=\"b6ace0e\" data-element_type=\"container\">\n\t\t\t\t<div class=\"elementor-element elementor-element-76a0cad elementor-widget elementor-widget-text-editor\" data-id=\"76a0cad\" data-element_type=\"widget\" data-widget_type=\"text-editor.default\">\n\t\t\t\t\t\t\t\t\t<p>Versteckt im satten Gr\u00fcn des Spreewalds erwartet Sie ein gro\u00dfz\u00fcgiges Ferienhaus, das Ruhe, Natur und alle Annehmlichkeiten f\u00fcr erholsame Tage mit Familie und Freunden vereint.<\/p>\t\t\t\t\t\t\t\t<\/div>\n\t\t\t\t<\/div>\n\t\t\t\t<\/div>\n\t\t<div class=\"elementor-element elementor-element-23f95e3 e-con-full animated-fast e-flex e-con e-parent\" data-id=\"23f95e3\" data-element_type=\"container\" data-settings=\"{&quot;animation&quot;:&quot;none&quot;}\">\n\t\t<div class=\"elementor-element elementor-element-bb04393 e-con-full e-flex e-con e-child\" data-id=\"bb04393\" data-element_type=\"container\">\n\t\t\t\t<div class=\"elementor-element elementor-element-5f75a63 elementor-widget__width-initial elementor-widget elementor-widget-text-editor\" data-id=\"5f75a63\" data-element_type=\"widget\" data-widget_type=\"text-editor.default\">\n\t\t\t\t\t\t\t\t\t<p>Das gro\u00dfz\u00fcgige Ferienhaus bietet Platz f\u00fcr bis zu sechs Personen und ist damit ideal f\u00fcr Familien oder Freunde, die gemeinsam entspannen m\u00f6chten.<\/p>\t\t\t\t\t\t\t\t<\/div>\n\t\t\t\t<\/div>\n\t\t<div class=\"elementor-element elementor-element-aeb7509 e-con-full e-flex e-con e-child\" data-id=\"aeb7509\" data-element_type=\"container\">\n\t\t\t\t<div class=\"elementor-element elementor-element-df30ea4 elementor-widget__width-initial elementor-widget-mobile__width-initial elementor-widget elementor-widget-image\" data-id=\"df30ea4\" data-element_type=\"widget\" data-settings=\"{&quot;_animation&quot;:&quot;none&quot;}\" data-widget_type=\"image.default\">\n\t\t\t\t\t\t\t\t\t\t\t\t\t\t\t<img decoding=\"async\" width=\"1920\" height=\"1280\" src=\"https:\/\/villa-hugo.de\/wp-content\/uploads\/2025\/08\/IMG_5784.webp\" class=\"elementor-animation-grow attachment-full size-full wp-image-41\" alt=\"Ferienhaus Spreewald Badezimmer mit Gartenblick\" srcset=\"https:\/\/villa-hugo.de\/wp-content\/uploads\/2025\/08\/IMG_5784.webp 1920w, https:\/\/villa-hugo.de\/wp-content\/uploads\/2025\/08\/IMG_5784-300x200.webp 300w, https:\/\/villa-hugo.de\/wp-content\/uploads\/2025\/08\/IMG_5784-1024x682.webp 1024w, https:\/\/villa-hugo.de\/wp-content\/uploads\/2025\/08\/IMG_5784-768x512.webp 768w, https:\/\/villa-hugo.de\/wp-content\/uploads\/2025\/08\/IMG_5784-1536x1024.webp 1536w\" sizes=\"(max-width: 1920px) 100vw, 1920px\" \/>\t\t\t\t\t\t\t\t\t\t\t\t\t\t\t<\/div>\n\t\t\t\t<\/div>\n\t\t\t\t<\/div>\n\t\t<div class=\"elementor-element elementor-element-75d4bf2 e-con-full e-flex e-con e-parent\" data-id=\"75d4bf2\" data-element_type=\"container\" data-settings=\"{&quot;animation&quot;:&quot;none&quot;}\">\n\t\t<div class=\"elementor-element elementor-element-491c878 e-con-full e-flex e-con e-child\" data-id=\"491c878\" data-element_type=\"container\">\n\t\t\t\t<div class=\"elementor-element elementor-element-0e00266 elementor-widget-mobile__width-initial elementor-widget elementor-widget-image\" data-id=\"0e00266\" data-element_type=\"widget\" data-widget_type=\"image.default\">\n\t\t\t\t\t\t\t\t\t\t\t\t\t\t\t<img loading=\"lazy\" decoding=\"async\" width=\"1920\" height=\"1280\" src=\"https:\/\/villa-hugo.de\/wp-content\/uploads\/2025\/08\/DSC_0053-1-scaled.webp\" class=\"elementor-animation-grow attachment-full size-full wp-image-147\" alt=\"Gem\u00fctlicher Kaminurlaub im Spreewald\" srcset=\"https:\/\/villa-hugo.de\/wp-content\/uploads\/2025\/08\/DSC_0053-1-scaled.webp 1920w, https:\/\/villa-hugo.de\/wp-content\/uploads\/2025\/08\/DSC_0053-1-300x200.webp 300w, https:\/\/villa-hugo.de\/wp-content\/uploads\/2025\/08\/DSC_0053-1-1024x683.webp 1024w, https:\/\/villa-hugo.de\/wp-content\/uploads\/2025\/08\/DSC_0053-1-768x512.webp 768w, https:\/\/villa-hugo.de\/wp-content\/uploads\/2025\/08\/DSC_0053-1-1536x1024.webp 1536w\" sizes=\"(max-width: 1920px) 100vw, 1920px\" \/>\t\t\t\t\t\t\t\t\t\t\t\t\t\t\t<\/div>\n\t\t\t\t<\/div>\n\t\t<div class=\"elementor-element elementor-element-3966f0f e-con-full e-flex e-con e-child\" data-id=\"3966f0f\" data-element_type=\"container\">\n\t\t\t\t<div class=\"elementor-element elementor-element-3388280 elementor-widget elementor-widget-text-editor\" data-id=\"3388280\" data-element_type=\"widget\" data-widget_type=\"text-editor.default\">\n\t\t\t\t\t\t\t\t\t<p>Ein Kamin sorgt f\u00fcr gem\u00fctliche Abende, die Sauna l\u00e4dt zum Abschalten ein, und auf der malerischen Terrasse genie\u00dfen Sie den Blick ins Gr\u00fcne. Umgeben von den typischen Flie\u00dfen des Spreewalds entsteht so eine einzigartige Atmosph\u00e4re, in der Natur und Komfort auf besondere Weise zusammenfinden.<\/p>\t\t\t\t\t\t\t\t<\/div>\n\t\t\t\t<\/div>\n\t\t\t\t<\/div>\n\t\t<div class=\"elementor-element elementor-element-b78ab13 e-con-full e-flex e-con e-parent\" data-id=\"b78ab13\" data-element_type=\"container\" data-settings=\"{&quot;animation&quot;:&quot;none&quot;}\">\n\t\t<div class=\"elementor-element elementor-element-fa32d21 e-con-full e-flex e-con e-child\" data-id=\"fa32d21\" data-element_type=\"container\">\n\t\t\t\t<div class=\"elementor-element elementor-element-3bbe1f8 elementor-widget-mobile__width-initial elementor-widget elementor-widget-image\" data-id=\"3bbe1f8\" data-element_type=\"widget\" data-widget_type=\"image.default\">\n\t\t\t\t\t\t\t\t\t\t\t\t\t\t\t<img loading=\"lazy\" decoding=\"async\" width=\"1920\" height=\"1280\" src=\"https:\/\/villa-hugo.de\/wp-content\/uploads\/2025\/08\/DSC_0046-scaled.webp\" class=\"elementor-animation-grow attachment-full size-full wp-image-146\" alt=\"Ferienhaus Spreewald mit direktem Flie\u00dfzugang und eigenem Steg\" srcset=\"https:\/\/villa-hugo.de\/wp-content\/uploads\/2025\/08\/DSC_0046-scaled.webp 1920w, https:\/\/villa-hugo.de\/wp-content\/uploads\/2025\/08\/DSC_0046-300x200.webp 300w, https:\/\/villa-hugo.de\/wp-content\/uploads\/2025\/08\/DSC_0046-1024x683.webp 1024w, https:\/\/villa-hugo.de\/wp-content\/uploads\/2025\/08\/DSC_0046-768x512.webp 768w, https:\/\/villa-hugo.de\/wp-content\/uploads\/2025\/08\/DSC_0046-1536x1024.webp 1536w\" sizes=\"(max-width: 1920px) 100vw, 1920px\" \/>\t\t\t\t\t\t\t\t\t\t\t\t\t\t\t<\/div>\n\t\t\t\t<\/div>\n\t\t<div class=\"elementor-element elementor-element-e6dd82e e-con-full e-flex e-con e-child\" data-id=\"e6dd82e\" data-element_type=\"container\">\n\t\t\t\t<div class=\"elementor-element elementor-element-72744fe elementor-widget elementor-widget-text-editor\" data-id=\"72744fe\" data-element_type=\"widget\" data-widget_type=\"text-editor.default\">\n\t\t\t\t\t\t\t\t\t<p>Abgeschieden und doch komfortabel: Unser Ferienhaus im Spreewald verbindet Naturidylle mit allen Annehmlichkeiten \u2013 ein R\u00fcckzugsort f\u00fcr Entspannung, Erlebnisse und Erholung das ganze Jahr \u00fcber.<\/p>\t\t\t\t\t\t\t\t<\/div>\n\t\t\t\t<\/div>\n\t\t\t\t<\/div>\n\t\t<div class=\"elementor-element elementor-element-a3dcdea e-flex e-con-boxed e-con e-parent\" data-id=\"a3dcdea\" data-element_type=\"container\">\n\t\t\t\t\t<div class=\"e-con-inner\">\n\t\t\t\t<div class=\"elementor-element elementor-element-a3d0a23 elementor-align-center elementor-widget elementor-widget-button\" data-id=\"a3d0a23\" data-element_type=\"widget\" data-widget_type=\"button.default\">\n\t\t\t\t\t\t\t\t\t\t<a class=\"elementor-button elementor-button-link elementor-size-sm\" href=\"https:\/\/villa-hugo.de\/?page_id=57\">\n\t\t\t\t\t\t<span class=\"elementor-button-content-wrapper\">\n\t\t\t\t\t\t\t\t\t<span class=\"elementor-button-text\">Buchung<\/span>\n\t\t\t\t\t<\/span>\n\t\t\t\t\t<\/a>\n\t\t\t\t\t\t\t\t<\/div>\n\t\t\t\t\t<\/div>\n\t\t\t\t<\/div>\n\t\t<div class=\"elementor-element elementor-element-bc20126 e-con-full e-flex e-con e-parent\" data-id=\"bc20126\" data-element_type=\"container\">\n\t\t\t\t<div class=\"elementor-element elementor-element-b162154 elementor-widget elementor-widget-text-editor\" data-id=\"b162154\" data-element_type=\"widget\" data-widget_type=\"text-editor.default\">\n\t\t\t\t\t\t\t\t\t<p>Copyright \u00a9 Hugos Villa by Ariane Lambert 2025 | <a href=\"https:\/\/ariana-lambert.de\/wp-admin\/post.php?post=32&amp;action=elementor\">Impressum<\/a> | Datenschutzerkl\u00e4rung<\/p>\t\t\t\t\t\t\t\t<\/div>\n\t\t\t\t<\/div>\n\t\t\t\t<\/div>\n\t\t","protected":false},"excerpt":{"rendered":"<p>Ihr Ferienhaus im Spreewald mit Sauna &amp; Kamin Komfort trifft Natur &#8211; Ihre Ausstattung im \u00dcberblick \u25b8 2 Schlafzimmer mit Doppelbetten\u25b8 Platz f\u00fcr bis zu 6 Personen\u25b8 1 Schlafsofa im Wohnzimmer\u25b8 Offener Kamin f\u00fcr gem\u00fctliche Abende\u25b8 Sauna zum Abschalten\u25b8 2 moderne B\u00e4der\u25b8 K\u00fcche voll ausgestattet\u25b8 Terrasse mit Gasgrill\u25b8 Weitl\u00e4ufiger Garten\u25b8 Direkt am Wasser (Flie\u00dfanschluss)\u25b8 Parkm\u00f6glichkeiten [&hellip;]<\/p>\n","protected":false},"author":1,"featured_media":0,"parent":0,"menu_order":0,"comment_status":"closed","ping_status":"closed","template":"","meta":{"footnotes":""},"class_list":["post-9","page","type-page","status-publish","hentry"],"jetpack_sharing_enabled":true,"_links":{"self":[{"href":"https:\/\/villa-hugo.de\/index.php?rest_route=\/wp\/v2\/pages\/9","targetHints":{"allow":["GET"]}}],"collection":[{"href":"https:\/\/villa-hugo.de\/index.php?rest_route=\/wp\/v2\/pages"}],"about":[{"href":"https:\/\/villa-hugo.de\/index.php?rest_route=\/wp\/v2\/types\/page"}],"author":[{"embeddable":true,"href":"https:\/\/villa-hugo.de\/index.php?rest_route=\/wp\/v2\/users\/1"}],"replies":[{"embeddable":true,"href":"https:\/\/villa-hugo.de\/index.php?rest_route=%2Fwp%2Fv2%2Fcomments&post=9"}],"version-history":[{"count":136,"href":"https:\/\/villa-hugo.de\/index.php?rest_route=\/wp\/v2\/pages\/9\/revisions"}],"predecessor-version":[{"id":394,"href":"https:\/\/villa-hugo.de\/index.php?rest_route=\/wp\/v2\/pages\/9\/revisions\/394"}],"wp:attachment":[{"href":"https:\/\/villa-hugo.de\/index.php?rest_route=%2Fwp%2Fv2%2Fmedia&parent=9"}],"curies":[{"name":"wp","href":"https:\/\/api.w.org\/{rel}","templated":true}]}}